{"id":5152,"date":"2024-10-23T08:21:50","date_gmt":"2024-10-23T08:21:50","guid":{"rendered":"https:\/\/ancei.com\/changement-de-residence-fiscale-en-andorre\/"},"modified":"2024-10-24T15:29:43","modified_gmt":"2024-10-24T15:29:43","slug":"changement-de-residence-fiscale-en-andorre","status":"publish","type":"page","link":"https:\/\/ancei.com\/fr\/changement-de-residence-fiscale-en-andorre\/","title":{"rendered":"Changement de r\u00e9sidence fiscale en Andorre"},"content":{"rendered":"<p>[et_pb_section fb_built=\u00a0\u00bb1&Prime; custom_padding_last_edited=\u00a0\u00bbon|phone\u00a0\u00bb _builder_version=\u00a0\u00bb4.7.4&Prime; background_color=\u00a0\u00bb#333333&Prime; background_enable_image=\u00a0\u00bboff\u00a0\u00bb custom_padding=\u00a0\u00bb60px||60px||true|\u00a0\u00bb custom_padding_tablet=\u00a0\u00bb\u00a0\u00bb custom_padding_phone=\u00a0\u00bb30px||30px||true|false\u00a0\u00bb][et_pb_row _builder_version=\u00a0\u00bb4.7.4&Prime; custom_padding=\u00a0\u00bb30px||20px||false|false\u00a0\u00bb][et_pb_column type=\u00a0\u00bb4_4&Prime; _builder_version=\u00a0\u00bb4.4.5&Prime;][et_pb_text content_phone=\u00a0\u00bb<\/p>\n<h1 style=%22text-align: center;%22><span style=%22color: #ffffff;%22>OBLIGATIONS FISCALES POUR R\u00c9SIDENTS ET NON-R\u00c9SIDENTS<\/span><\/h1>\n<p>\u00a0\u00bb content_last_edited=\u00a0\u00bboff|desktop\u00a0\u00bb admin_label=\u00a0\u00bbTitle\u00a0\u00bb _builder_version=\u00a0\u00bb4.7.4&Prime; text_font=\u00a0\u00bb||||||||\u00a0\u00bb header_font=\u00a0\u00bbRaleway|900|||||||\u00a0\u00bb header_font_size=\u00a0\u00bb60px\u00a0\u00bb header_line_height=\u00a0\u00bb1.5em\u00a0\u00bb header_2_font=\u00a0\u00bbRaleway|900|||||||\u00a0\u00bb header_2_text_align=\u00a0\u00bbcenter\u00a0\u00bb header_2_font_size=\u00a0\u00bb40px\u00a0\u00bb header_2_letter_spacing=\u00a0\u00bb2px\u00a0\u00bb header_2_line_height=\u00a0\u00bb1.25em\u00a0\u00bb module_alignment=\u00a0\u00bbcenter\u00a0\u00bb custom_margin=\u00a0\u00bb||||false|false\u00a0\u00bb custom_padding=\u00a0\u00bb|||\u00a0\u00bb animation_style=\u00a0\u00bbfade\u00a0\u00bb header_font_size_tablet=\u00a0\u00bb\u00a0\u00bb header_font_size_phone=\u00a0\u00bb30px\u00a0\u00bb header_font_size_last_edited=\u00a0\u00bbon|phone\u00a0\u00bb header_2_font_size_tablet=\u00a0\u00bb40px\u00a0\u00bb header_2_font_size_phone=\u00a0\u00bb\u00a0\u00bb header_2_font_size_last_edited=\u00a0\u00bbon|tablet\u00a0\u00bb]<\/p>\n<h1 style=\"text-align: left;\"><span style=\"color: #ffffff;\">ANCEI | CHANGEMENT DE R\u00c9SIDENCE FISCALE EN ANDORREA<\/span><\/h1>\n<p>[\/et_pb_text][\/et_pb_column][\/et_pb_row][\/et_pb_section][et_pb_section fb_built=\u00a0\u00bb1&Prime; admin_label=\u00a0\u00bbService Section\u00a0\u00bb _builder_version=\u00a0\u00bb4.4.5&Prime; background_color=\u00a0\u00bb#ffffff\u00a0\u00bb custom_padding=\u00a0\u00bb60px||60px||true|\u00a0\u00bb][et_pb_row admin_label=\u00a0\u00bbDomaine de comp\u00e9tence\u00a0\u00bb _builder_version=\u00a0\u00bb3.25&Prime; custom_padding=\u00a0\u00bb0px||30px|||\u00a0\u00bb][et_pb_column type=\u00a0\u00bb4_4&Prime; _builder_version=\u00a0\u00bb3.25&Prime; custom_padding=\u00a0\u00bb|||\u00a0\u00bb custom_padding__hover=\u00a0\u00bb|||\u00a0\u00bb][et_pb_text _builder_version=\u00a0\u00bb4.7.4&Prime; text_font=\u00a0\u00bbLato||||||||\u00a0\u00bb text_font_size=\u00a0\u00bb20px\u00a0\u00bb text_line_height=\u00a0\u00bb2em\u00a0\u00bb text_orientation=\u00a0\u00bbjustified\u00a0\u00bb custom_margin=\u00a0\u00bb||30px||false|false\u00a0\u00bb text_font_size_tablet=\u00a0\u00bb\u00a0\u00bb text_font_size_phone=\u00a0\u00bb18px\u00a0\u00bb text_font_size_last_edited=\u00a0\u00bbon|phone\u00a0\u00bb text_orientation_tablet=\u00a0\u00bb\u00a0\u00bb text_orientation_phone=\u00a0\u00bbleft\u00a0\u00bb text_orientation_last_edited=\u00a0\u00bbon|desktop\u00a0\u00bb]<\/p>\n<p><strong>Vivre en Andorre<\/strong> est devenu l&rsquo;objectif de nombreuses personnes cherchant \u00e0 <strong>am\u00e9liorer leur qualit\u00e9 de vie<\/strong>. En plus d&rsquo;\u00eatre l&rsquo;un des pays les plus s\u00fbrs du monde, Andorre dispose d&rsquo;un excellent syst\u00e8me de sant\u00e9 et d&rsquo;une bonne et vaste offre d&rsquo;\u00e9coles internationales, ainsi que d&rsquo;u<strong>n des cadres fiscaux les plus attractifs de la zone euro<\/strong>.<\/p>\n<p>Si vous envisagez de <strong>transf\u00e9rer votre r\u00e9sidence fiscale en Andorre<\/strong>, de nombreuses questions doivent \u00eatre prises en compte. Tout d&rsquo;abord, vous devrez <strong><a href=\"https:\/\/ancei.com\/fr\/permis-de-residence-active-et-passive\/\">demander un permis de r\u00e9sidence<\/a>:\u00a0<\/strong> : actif, passif ou d&rsquo;un autre type (expliqu\u00e9 ci-dessous). De plus, il est important de souligner qu&rsquo;un <strong>transfert de r\u00e9sidence en Andorre ne signifie pas automatiquement l&rsquo;acquisition de la r\u00e9sidence fiscale<\/strong>. Pour \u00eatre consid\u00e9r\u00e9 comme r\u00e9sident fiscal en Andorre, vous devez remplir un certain nombre de conditions pr\u00e9vues par la r\u00e9glementation andorrane, telles que : <strong>r\u00e9sider plus de six mois dans le Principat et faire de celui-ci votre centre d&rsquo;int\u00e9r\u00eats \u00e9conomiques<\/strong>, ainsi que votre centre d&rsquo;int\u00e9r\u00eats vitaux (conjoint et descendants \u00e0 charge). Enfin, il convient de rappeler que le changement de r\u00e9sidence peut impliquer certaines obligations fiscales dans le pays d&rsquo;origine, telles que l&rsquo;obligation de d\u00e9clarer les plus-values latentes provenant de la participation dans des entit\u00e9s espagnoles (exit tax), ou l&rsquo;imp\u00f4t sur les non-r\u00e9sidents, pour les \u00e9ventuels revenus provenant de biens situ\u00e9s dans ce pays.<\/p>\n<p>Dans la section suivante, nous allons \u00e9num\u00e9rer et expliquer<strong> les diff\u00e9rents types de permis de r\u00e9sidence existant en Andorre<\/strong>, ainsi que certains des motifs pour lesquels les gens choisissent de venir vivre en Andorre et<strong> les avantages fiscaux que le pays offre.<\/strong><\/p>\n<p>[\/et_pb_text][et_pb_divider divider_position=\u00a0\u00bbcenter\u00a0\u00bb divider_weight=\u00a0\u00bb3px\u00a0\u00bb _builder_version=\u00a0\u00bb4.9.1&Prime; max_width=\u00a0\u00bb70px\u00a0\u00bb module_alignment=\u00a0\u00bbcenter\u00a0\u00bb custom_margin=\u00a0\u00bb||30px||false|false\u00a0\u00bb animation_direction=\u00a0\u00bbtop\u00a0\u00bb locked=\u00a0\u00bboff\u00a0\u00bb][\/et_pb_divider][et_pb_text _builder_version=\u00a0\u00bb4.7.4&Prime; text_font=\u00a0\u00bbLato||||||||\u00a0\u00bb text_font_size=\u00a0\u00bb20px\u00a0\u00bb text_line_height=\u00a0\u00bb2em\u00a0\u00bb header_2_font=\u00a0\u00bbRaleway|900|||||||\u00a0\u00bb header_2_text_align=\u00a0\u00bbcenter\u00a0\u00bb header_2_text_color=\u00a0\u00bb#b01f58&Prime; header_2_font_size=\u00a0\u00bb40px\u00a0\u00bb header_2_line_height=\u00a0\u00bb1.5em\u00a0\u00bb text_orientation=\u00a0\u00bbjustified\u00a0\u00bb custom_margin=\u00a0\u00bb||||false|false\u00a0\u00bb text_font_size_tablet=\u00a0\u00bb\u00a0\u00bb text_font_size_phone=\u00a0\u00bb18px\u00a0\u00bb text_font_size_last_edited=\u00a0\u00bbon|phone\u00a0\u00bb header_2_font_size_tablet=\u00a0\u00bb\u00a0\u00bb header_2_font_size_phone=\u00a0\u00bb30px\u00a0\u00bb header_2_font_size_last_edited=\u00a0\u00bbon|phone\u00a0\u00bb text_orientation_tablet=\u00a0\u00bb\u00a0\u00bb text_orientation_phone=\u00a0\u00bbleft\u00a0\u00bb text_orientation_last_edited=\u00a0\u00bbon|desktop\u00a0\u00bb]<\/p>\n<h2>TYPES DE PERMIS DE R\u00c9SIDENCE EN ANDORRE<\/h2>\n<p>Pour <strong>vivre en Andorre<\/strong>, vous aurez besoin d&rsquo;un permis de r\u00e9sidence. L&rsquo;un des attraits d&rsquo;Andorre est la diversit\u00e9 des types de permis de r\u00e9sidence, qui s&rsquo;adaptent aux diff\u00e9rentes situations personnelles et aux besoins des nouveaux arrivants :<\/p>\n<p>[\/et_pb_text][\/et_pb_column][\/et_pb_row][et_pb_row column_structure=\u00a0\u00bb1_3,1_3,1_3&Prime; use_custom_gutter=\u00a0\u00bbon\u00a0\u00bb gutter_width=\u00a0\u00bb2&Prime; admin_label=\u00a0\u00bbDomaine de comp\u00e9tence\u00a0\u00bb _builder_version=\u00a0\u00bb4.4.5&Prime; custom_padding=\u00a0\u00bb0px||30px|||\u00a0\u00bb][et_pb_column type=\u00a0\u00bb1_3&Prime; _builder_version=\u00a0\u00bb3.25&Prime; custom_padding=\u00a0\u00bb|||\u00a0\u00bb custom_padding__hover=\u00a0\u00bb|||\u00a0\u00bb][et_pb_blurb title=\u00a0\u00bbPermis de r\u00e9sidence active\u00a0\u00bb use_icon=\u00a0\u00bbon\u00a0\u00bb font_icon=\u00a0\u00bb%%126%%\u00a0\u00bb content_max_width=\u00a0\u00bb300px\u00a0\u00bb use_icon_font_size=\u00a0\u00bbon\u00a0\u00bb icon_font_size=\u00a0\u00bb42px\u00a0\u00bb _builder_version=\u00a0\u00bb4.9.1&Prime; header_font=\u00a0\u00bbLato|900|||||||\u00a0\u00bb header_font_size=\u00a0\u00bb20px\u00a0\u00bb header_line_height=\u00a0\u00bb1.5em\u00a0\u00bb body_font=\u00a0\u00bbLato||||||||\u00a0\u00bb body_font_size=\u00a0\u00bb18px\u00a0\u00bb body_line_height=\u00a0\u00bb1.5em\u00a0\u00bb background_color=\u00a0\u00bb#ffffff\u00a0\u00bb text_orientation=\u00a0\u00bbcenter\u00a0\u00bb custom_margin=\u00a0\u00bb||15px||false|false\u00a0\u00bb custom_padding=\u00a0\u00bb30px|30px|30px|30px|false|false\u00a0\u00bb animation_style=\u00a0\u00bbfade\u00a0\u00bb header_font_size_tablet=\u00a0\u00bb\u00a0\u00bb header_font_size_phone=\u00a0\u00bb18px\u00a0\u00bb header_font_size_last_edited=\u00a0\u00bbon|phone\u00a0\u00bb body_font_size_tablet=\u00a0\u00bb\u00a0\u00bb body_font_size_phone=\u00a0\u00bb16px\u00a0\u00bb body_font_size_last_edited=\u00a0\u00bbon|phone\u00a0\u00bb border_radii=\u00a0\u00bbon|30px|30px|30px|30px\u00a0\u00bb box_shadow_style=\u00a0\u00bbpreset1&Prime; locked=\u00a0\u00bboff\u00a0\u00bb]<\/p>\n<p>Permet de <strong>vivre et de travailler<\/strong> en Andorre et exige que le titulaire r\u00e9side, de mani\u00e8re permanente et effective, <strong>pendant au moins six mois<\/strong> dans le pays. Il existe deux types de permis : l<strong>e permis de r\u00e9sidence pour travail ind\u00e9pendant<\/strong> et l<strong>e permis de r\u00e9sidence pour travail salari\u00e9.<\/strong><\/p>\n<p>[\/et_pb_blurb][\/et_pb_column][et_pb_column type=\u00a0\u00bb1_3&Prime; _builder_version=\u00a0\u00bb3.25&Prime; custom_padding=\u00a0\u00bb|||\u00a0\u00bb custom_padding__hover=\u00a0\u00bb|||\u00a0\u00bb][et_pb_blurb title=\u00a0\u00bbPermis de r\u00e9sidence passive\u00a0\u00bb use_icon=\u00a0\u00bbon\u00a0\u00bb font_icon=\u00a0\u00bb%%102%%\u00a0\u00bb content_max_width=\u00a0\u00bb300px\u00a0\u00bb use_icon_font_size=\u00a0\u00bbon\u00a0\u00bb icon_font_size=\u00a0\u00bb42px\u00a0\u00bb _builder_version=\u00a0\u00bb4.9.1&Prime; header_font=\u00a0\u00bbLato|900|||||||\u00a0\u00bb header_font_size=\u00a0\u00bb20px\u00a0\u00bb header_line_height=\u00a0\u00bb1.5em\u00a0\u00bb body_font=\u00a0\u00bbLato||||||||\u00a0\u00bb body_font_size=\u00a0\u00bb18px\u00a0\u00bb body_line_height=\u00a0\u00bb1.5em\u00a0\u00bb background_color=\u00a0\u00bb#ffffff\u00a0\u00bb text_orientation=\u00a0\u00bbcenter\u00a0\u00bb custom_margin=\u00a0\u00bb||15px||false|false\u00a0\u00bb custom_padding=\u00a0\u00bb30px|30px|30px|30px|false|false\u00a0\u00bb animation_style=\u00a0\u00bbfade\u00a0\u00bb header_font_size_tablet=\u00a0\u00bb\u00a0\u00bb header_font_size_phone=\u00a0\u00bb18px\u00a0\u00bb header_font_size_last_edited=\u00a0\u00bbon|desktop\u00a0\u00bb body_font_size_tablet=\u00a0\u00bb\u00a0\u00bb body_font_size_phone=\u00a0\u00bb16px\u00a0\u00bb body_font_size_last_edited=\u00a0\u00bbon|phone\u00a0\u00bb border_radii=\u00a0\u00bbon|30px|30px|30px|30px\u00a0\u00bb box_shadow_style=\u00a0\u00bbpreset1&Prime; locked=\u00a0\u00bboff\u00a0\u00bb]<\/p>\n<p>Permet de <strong>vivre en Andorre<\/strong> et exige que le b\u00e9n\u00e9ficiaire r\u00e9side <strong>au moins 90 jours par an<\/strong> dans le pays. Le permis de r\u00e9sidence passive le plus courant est <strong>le permis de r\u00e9sidence sans activit\u00e9 lucrative.<\/strong><\/p>\n<p>[\/et_pb_blurb][\/et_pb_column][et_pb_column type=\u00a0\u00bb1_3&Prime; _builder_version=\u00a0\u00bb3.25&Prime; custom_padding=\u00a0\u00bb|||\u00a0\u00bb custom_padding__hover=\u00a0\u00bb|||\u00a0\u00bb][et_pb_blurb title=\u00a0\u00bbD&#039;autres types de r\u00e9sidence\u00a0\u00bb use_icon=\u00a0\u00bbon\u00a0\u00bb font_icon=\u00a0\u00bb%%162%%\u00a0\u00bb content_max_width=\u00a0\u00bb300px\u00a0\u00bb use_icon_font_size=\u00a0\u00bbon\u00a0\u00bb icon_font_size=\u00a0\u00bb42px\u00a0\u00bb _builder_version=\u00a0\u00bb4.9.1&Prime; header_font=\u00a0\u00bbLato|900|||||||\u00a0\u00bb header_font_size=\u00a0\u00bb20px\u00a0\u00bb header_line_height=\u00a0\u00bb1.5em\u00a0\u00bb body_font=\u00a0\u00bbLato||||||||\u00a0\u00bb body_font_size=\u00a0\u00bb18px\u00a0\u00bb body_line_height=\u00a0\u00bb1.5em\u00a0\u00bb background_color=\u00a0\u00bb#ffffff\u00a0\u00bb text_orientation=\u00a0\u00bbcenter\u00a0\u00bb custom_padding=\u00a0\u00bb30px|30px|30px|30px|false|false\u00a0\u00bb animation_style=\u00a0\u00bbfade\u00a0\u00bb header_font_size_tablet=\u00a0\u00bb\u00a0\u00bb header_font_size_phone=\u00a0\u00bb18px\u00a0\u00bb header_font_size_last_edited=\u00a0\u00bbon|phone\u00a0\u00bb body_font_size_tablet=\u00a0\u00bb\u00a0\u00bb body_font_size_phone=\u00a0\u00bb16px\u00a0\u00bb body_font_size_last_edited=\u00a0\u00bbon|phone\u00a0\u00bb border_radii=\u00a0\u00bbon|30px|30px|30px|30px\u00a0\u00bb box_shadow_style=\u00a0\u00bbpreset1&Prime; locked=\u00a0\u00bboff\u00a0\u00bb]<\/p>\n<p>Il existe d&rsquo;autres types de permis et d&rsquo;autorisations sp\u00e9cifiques pour certains groupes de personnes, tels que : la r\u00e9sidence temporaire pour les d\u00e9plac\u00e9s, l&rsquo;autorisation de travail sans r\u00e9sidence pour les frontaliers&#8230; et d\u00b4<a href=\"https:\/\/ancei.com\/fr\/permis-de-residence-active-et-passive\/\">autres encore<\/a>.<\/p>\n<p>[\/et_pb_blurb][\/et_pb_column][\/et_pb_row][et_pb_row _builder_version=\u00a0\u00bb4.4.5&Prime; custom_margin=\u00a0\u00bb|||auto|false|false\u00a0\u00bb custom_padding=\u00a0\u00bb0px||0px||false|\u00a0\u00bb][et_pb_column type=\u00a0\u00bb4_4&Prime; _builder_version=\u00a0\u00bb4.4.5&Prime;][et_pb_toggle title=\u00a0\u00bbPourquoi vivre en Andorre ?\u00a0\u00bb open_toggle_background_color=\u00a0\u00bb#f4f4f4&Prime; closed_toggle_background_color=\u00a0\u00bb#f4f4f4&Prime; _builder_version=\u00a0\u00bb4.7.4&Prime; title_font=\u00a0\u00bbLato|700|||||||\u00a0\u00bb title_font_size=\u00a0\u00bb18px\u00a0\u00bb title_line_height=\u00a0\u00bb2em\u00a0\u00bb closed_title_font=\u00a0\u00bbLato|700|||||||\u00a0\u00bb closed_title_font_size=\u00a0\u00bb18px\u00a0\u00bb closed_title_line_height=\u00a0\u00bb2em\u00a0\u00bb body_font=\u00a0\u00bbLato||||||||\u00a0\u00bb body_text_align=\u00a0\u00bbjustify\u00a0\u00bb body_font_size=\u00a0\u00bb18px\u00a0\u00bb body_line_height=\u00a0\u00bb2em\u00a0\u00bb custom_margin=\u00a0\u00bb||30px||false|false\u00a0\u00bb title_font_size_tablet=\u00a0\u00bb\u00a0\u00bb title_font_size_phone=\u00a0\u00bb16px\u00a0\u00bb title_font_size_last_edited=\u00a0\u00bbon|phone\u00a0\u00bb closed_title_font_size_tablet=\u00a0\u00bb\u00a0\u00bb closed_title_font_size_phone=\u00a0\u00bb16px\u00a0\u00bb closed_title_font_size_last_edited=\u00a0\u00bbon|phone\u00a0\u00bb body_text_align_tablet=\u00a0\u00bb\u00a0\u00bb body_text_align_phone=\u00a0\u00bbleft\u00a0\u00bb body_text_align_last_edited=\u00a0\u00bbon|phone\u00a0\u00bb body_font_size_tablet=\u00a0\u00bb\u00a0\u00bb body_font_size_phone=\u00a0\u00bb16px\u00a0\u00bb body_font_size_last_edited=\u00a0\u00bbon|phone\u00a0\u00bb border_width_all=\u00a0\u00bb0px\u00a0\u00bb]<\/p>\n<p>Andorre se pr\u00e9sente comme un environnement unique et privil\u00e9gi\u00e9 pour ceux qui cherchent \u00e0 am\u00e9liorer leur qualit\u00e9 de vie, car :<\/p>\n<p>&#8211; Il b\u00e9n\u00e9ficie d&rsquo;une <strong>grande stabilit\u00e9 politique et financi\u00e8re<\/strong>.<\/p>\n<p>&#8211; C&rsquo;est l&rsquo;<strong>un des pays les plus s\u00fbrs du monde<\/strong>.<\/p>\n<p>&#8211; Il dispose d&rsquo;<strong>un syst\u00e8me de sant\u00e9 solide<\/strong>.<\/p>\n<p>&#8211; Il a <strong>un syst\u00e8me \u00e9ducatif plurilingue consolid\u00e9 et de haute qualit\u00e9<\/strong>. De plus, il propose des \u00e9coles internationales.<\/p>\n<p>&#8211; C&rsquo;est un endroit id\u00e9al pour <strong>les amateurs de nature<\/strong>, de <strong>montagne<\/strong> et <strong>de sports en plein air.<\/strong><\/p>\n<p>&#8211; Il se trouve <strong>\u00e0 seulement deux heures et demie de Barcelone et de Toulouse<\/strong>.<\/p>\n<p>&#8211; Il dispose d&rsquo;<strong>un des r\u00e9gimes fiscaux les plus attractifs de la zone euro.<\/strong><\/p>\n<p>Ce ne sont l\u00e0 que quelques-unes des n<strong>ombreuses avantages qu&rsquo;offre le Principaut\u00e9 d&rsquo;Andorre<\/strong>, ce qui pousse chaque ann\u00e9e de nombreuses personnes \u00e0 d\u00e9cider de transf\u00e9rer leur r\u00e9sidence en Andorre.<\/p>\n<p>&nbsp;<\/p>\n<p>[\/et_pb_toggle][et_pb_toggle title=\u00a0\u00bbQuelles sont les avantages fiscaux d&#039;Andorre ?\u00a0\u00bb open_toggle_background_color=\u00a0\u00bb#f4f4f4&Prime; closed_toggle_background_color=\u00a0\u00bb#f4f4f4&Prime; _builder_version=\u00a0\u00bb4.7.4&Prime; title_font=\u00a0\u00bbLato|700|||||||\u00a0\u00bb title_font_size=\u00a0\u00bb18px\u00a0\u00bb title_line_height=\u00a0\u00bb2em\u00a0\u00bb closed_title_font=\u00a0\u00bbLato|700|||||||\u00a0\u00bb closed_title_font_size=\u00a0\u00bb18px\u00a0\u00bb closed_title_line_height=\u00a0\u00bb2em\u00a0\u00bb body_font=\u00a0\u00bbLato||||||||\u00a0\u00bb body_text_align=\u00a0\u00bbjustify\u00a0\u00bb body_font_size=\u00a0\u00bb18px\u00a0\u00bb body_line_height=\u00a0\u00bb2em\u00a0\u00bb custom_margin=\u00a0\u00bb||||false|false\u00a0\u00bb title_font_size_tablet=\u00a0\u00bb\u00a0\u00bb title_font_size_phone=\u00a0\u00bb16px\u00a0\u00bb title_font_size_last_edited=\u00a0\u00bbon|phone\u00a0\u00bb closed_title_font_size_tablet=\u00a0\u00bb\u00a0\u00bb closed_title_font_size_phone=\u00a0\u00bb16px\u00a0\u00bb closed_title_font_size_last_edited=\u00a0\u00bbon|phone\u00a0\u00bb body_text_align_tablet=\u00a0\u00bb\u00a0\u00bb body_text_align_phone=\u00a0\u00bbleft\u00a0\u00bb body_text_align_last_edited=\u00a0\u00bbon|phone\u00a0\u00bb body_font_size_tablet=\u00a0\u00bb\u00a0\u00bb body_font_size_phone=\u00a0\u00bb16px\u00a0\u00bb body_font_size_last_edited=\u00a0\u00bbon|phone\u00a0\u00bb border_width_all=\u00a0\u00bb0px\u00a0\u00bb]<\/p>\n<p><strong>Vivre en Andorre<\/strong> vous permettra de b\u00e9n\u00e9ficier d&rsquo;<strong>un des syst\u00e8mes fiscaux les plus attractifs de la zone euro :<\/strong><\/p>\n<div class=\"flex max-w-full flex-col flex-grow\">\n<div class=\"min-h-8 text-message flex w-full flex-col items-end gap-2 whitespace-normal break-words [.text-message+&amp;]:mt-5\" dir=\"auto\" data-message-author-role=\"assistant\" data-message-id=\"2be0fae7-4f07-497a-bc64-56d8b77271b8\" data-message-model-slug=\"gpt-4o-mini\">\n<div class=\"flex w-full flex-col gap-1 empty:hidden first:pt-[3px]\">\n<div class=\"markdown prose w-full break-words dark:prose-invert dark\">\n<p>&#8211; L&rsquo;Andorre a un <strong>Imp\u00f4t G\u00e9n\u00e9ral Indirect (IGI) de 4,5 %<\/strong> (\u00e9quivalent \u00e0 la TVA en France).<\/p>\n<p>&#8211; Le taux d&rsquo;imposition applicable \u00e0 l&rsquo;I<strong>mp\u00f4t sur le Revenu des Personnes Physiques (IRPF) et \u00e0 l&rsquo;Imp\u00f4t sur les Soci\u00e9t\u00e9s (IS) est de 10 %<\/strong>.<\/p>\n<p>&#8211; De plus, il existe de <strong>multiples exon\u00e9rations applicables<\/strong> \u00e0 l&rsquo;<strong>IRPF<\/strong>, notamment en ce qui concerne les revenus passifs.<\/p>\n<p>&#8211; En Andorre, il n&rsquo;y a <strong>pas d&rsquo;Imp\u00f4t Patrimonial<\/strong> (IP) <strong>ni d&rsquo;Imp\u00f4t sur les Successions et Donations<\/strong> (ISD).<\/p>\n<p>&#8211; <strong>Vous n&rsquo;aurez pas non plus l&rsquo;obligation de d\u00e9clarer des biens \u00e0 l&rsquo;\u00e9tranger<\/strong> (Formulaire 3916 en France).<\/p>\n<p>&#8211; L&rsquo;Andorre pr\u00e9sente <strong>de grands avantages pour les retrait\u00e9<\/strong>s, par exemple, le rachat de plans de pension n&rsquo;est impos\u00e9 qu&rsquo;en Andorre.<\/p>\n<p>&#8211; De plus, c&rsquo;est<strong> un pays engag\u00e9 \u00e0 respecter les nouvelles exigences de transparence et de substance en mati\u00e8re de fiscalit\u00e9 internationale.<\/strong><\/p>\n<p>&#8211; Enfin, Andorre a sign\u00e9 <strong>une vingtaine de conventions pour \u00e9viter la double imposition avec d&rsquo;autres pays<\/strong> et est en train d&rsquo;en n\u00e9gocier d&rsquo;autres.<\/p>\n<\/div>\n<\/div>\n<\/div>\n<\/div>\n<p>[\/et_pb_toggle][\/et_pb_column][\/et_pb_row][et_pb_row column_structure=\u00a0\u00bb1_4,1_4,1_4,1_4&Prime; _builder_version=\u00a0\u00bb4.7.4&Prime; _module_preset=\u00a0\u00bbdefault\u00a0\u00bb custom_padding=\u00a0\u00bb60px||0px|||\u00a0\u00bb][et_pb_column type=\u00a0\u00bb1_4&Prime; _builder_version=\u00a0\u00bb4.7.4&Prime; _module_preset=\u00a0\u00bbdefault\u00a0\u00bb][et_pb_text _builder_version=\u00a0\u00bb4.7.4&Prime; text_font=\u00a0\u00bbLato||||||||\u00a0\u00bb text_font_size=\u00a0\u00bb20px\u00a0\u00bb text_line_height=\u00a0\u00bb2em\u00a0\u00bb header_2_font=\u00a0\u00bbLato|300|||||||\u00a0\u00bb header_2_text_align=\u00a0\u00bbcenter\u00a0\u00bb header_2_text_color=\u00a0\u00bb#333333&Prime; header_2_font_size=\u00a0\u00bb25px\u00a0\u00bb header_2_line_height=\u00a0\u00bb1.5em\u00a0\u00bb background_enable_color=\u00a0\u00bboff\u00a0\u00bb text_orientation=\u00a0\u00bbjustified\u00a0\u00bb custom_margin=\u00a0\u00bb||||false|false\u00a0\u00bb custom_padding=\u00a0\u00bb10px||||false|false\u00a0\u00bb header_2_font_size_phone=\u00a0\u00bb20px\u00a0\u00bb header_2_font_size_last_edited=\u00a0\u00bboff|phone\u00a0\u00bb text_orientation_tablet=\u00a0\u00bb\u00a0\u00bb text_orientation_phone=\u00a0\u00bbleft\u00a0\u00bb text_orientation_last_edited=\u00a0\u00bbon|desktop\u00a0\u00bb]<\/p>\n<h2>EN ANDORRA, L&rsquo;IGI EST DE 4,5% (IVA)<\/h2>\n<p>[\/et_pb_text][\/et_pb_column][et_pb_column type=\u00a0\u00bb1_4&Prime; _builder_version=\u00a0\u00bb4.7.4&Prime; _module_preset=\u00a0\u00bbdefault\u00a0\u00bb][et_pb_text _builder_version=\u00a0\u00bb4.7.4&Prime; text_font=\u00a0\u00bbLato||||||||\u00a0\u00bb text_font_size=\u00a0\u00bb20px\u00a0\u00bb text_line_height=\u00a0\u00bb2em\u00a0\u00bb header_2_font=\u00a0\u00bbLato|300|||||||\u00a0\u00bb header_2_text_align=\u00a0\u00bbcenter\u00a0\u00bb header_2_text_color=\u00a0\u00bb#333333&Prime; header_2_font_size=\u00a0\u00bb25px\u00a0\u00bb header_2_line_height=\u00a0\u00bb1.5em\u00a0\u00bb background_enable_color=\u00a0\u00bboff\u00a0\u00bb text_orientation=\u00a0\u00bbjustified\u00a0\u00bb custom_margin=\u00a0\u00bb||||false|false\u00a0\u00bb custom_padding=\u00a0\u00bb10px||||false|false\u00a0\u00bb text_orientation_tablet=\u00a0\u00bb\u00a0\u00bb text_orientation_phone=\u00a0\u00bbleft\u00a0\u00bb text_orientation_last_edited=\u00a0\u00bbon|desktop\u00a0\u00bb]<\/p>\n<h2>L&rsquo;IRPF ET L&rsquo;IS SONT AU MAXIMUM DE 10 %.<\/h2>\n<p>[\/et_pb_text][\/et_pb_column][et_pb_column type=\u00a0\u00bb1_4&Prime; _builder_version=\u00a0\u00bb4.7.4&Prime; _module_preset=\u00a0\u00bbdefault\u00a0\u00bb][et_pb_text _builder_version=\u00a0\u00bb4.7.4&Prime; text_font=\u00a0\u00bbLato||||||||\u00a0\u00bb text_font_size=\u00a0\u00bb20px\u00a0\u00bb text_line_height=\u00a0\u00bb2em\u00a0\u00bb header_2_font=\u00a0\u00bbLato|300|||||||\u00a0\u00bb header_2_text_align=\u00a0\u00bbcenter\u00a0\u00bb header_2_text_color=\u00a0\u00bb#333333&Prime; header_2_font_size=\u00a0\u00bb25px\u00a0\u00bb header_2_line_height=\u00a0\u00bb1.5em\u00a0\u00bb background_enable_color=\u00a0\u00bboff\u00a0\u00bb text_orientation=\u00a0\u00bbjustified\u00a0\u00bb custom_margin=\u00a0\u00bb||||false|false\u00a0\u00bb custom_padding=\u00a0\u00bb10px||||false|false\u00a0\u00bb text_orientation_tablet=\u00a0\u00bb\u00a0\u00bb text_orientation_phone=\u00a0\u00bbleft\u00a0\u00bb text_orientation_last_edited=\u00a0\u00bbon|desktop\u00a0\u00bb]<\/p>\n<h2>IL N&rsquo;EXISTE PAS D&rsquo;IMP\u00d4T PATRIMONIAL<\/h2>\n<p>[\/et_pb_text][\/et_pb_column][et_pb_column type=\u00a0\u00bb1_4&Prime; _builder_version=\u00a0\u00bb4.7.4&Prime; _module_preset=\u00a0\u00bbdefault\u00a0\u00bb][et_pb_text _builder_version=\u00a0\u00bb4.7.4&Prime; text_font=\u00a0\u00bbLato||||||||\u00a0\u00bb text_font_size=\u00a0\u00bb20px\u00a0\u00bb text_line_height=\u00a0\u00bb2em\u00a0\u00bb header_2_font=\u00a0\u00bbLato|300|||||||\u00a0\u00bb header_2_text_align=\u00a0\u00bbcenter\u00a0\u00bb header_2_text_color=\u00a0\u00bb#333333&Prime; header_2_font_size=\u00a0\u00bb25px\u00a0\u00bb header_2_line_height=\u00a0\u00bb1.5em\u00a0\u00bb background_enable_color=\u00a0\u00bboff\u00a0\u00bb text_orientation=\u00a0\u00bbjustified\u00a0\u00bb custom_margin=\u00a0\u00bb||||false|false\u00a0\u00bb custom_padding=\u00a0\u00bb10px||||false|false\u00a0\u00bb text_orientation_tablet=\u00a0\u00bb\u00a0\u00bb text_orientation_phone=\u00a0\u00bbleft\u00a0\u00bb text_orientation_last_edited=\u00a0\u00bbon|desktop\u00a0\u00bb]<\/p>\n<h2>NI D&rsquo;IMP\u00d4T SUR LES SUCCESSIONS ET LES DONATIONS<\/h2>\n<p>[\/et_pb_text][\/et_pb_column][\/et_pb_row][et_pb_row _builder_version=\u00a0\u00bb4.7.4&Prime; _module_preset=\u00a0\u00bbdefault\u00a0\u00bb custom_padding=\u00a0\u00bb30px||0px|||\u00a0\u00bb][et_pb_column type=\u00a0\u00bb4_4&Prime; _builder_version=\u00a0\u00bb4.7.4&Prime; _module_preset=\u00a0\u00bbdefault\u00a0\u00bb]<\/p>\n<p>[et_pb_divider divider_position=\u00a0\u00bbcenter\u00a0\u00bb divider_weight=\u00a0\u00bb3px\u00a0\u00bb _builder_version=\u00a0\u00bb4.9.1&Prime; max_width=\u00a0\u00bb1100px\u00a0\u00bb module_alignment=\u00a0\u00bbcenter\u00a0\u00bb custom_margin=\u00a0\u00bb||10px||false|false\u00a0\u00bb animation_style=\u00a0\u00bbslide\u00a0\u00bb animation_direction=\u00a0\u00bbtop\u00a0\u00bb animation_intensity_slide=\u00a0\u00bb10%\u00a0\u00bb animation_starting_opacity=\u00a0\u00bb100%\u00a0\u00bb locked=\u00a0\u00bboff\u00a0\u00bb][\/et_pb_divider]<\/p>\n<p>[\/et_pb_column][\/et_pb_row][et_pb_row column_structure=\u00a0\u00bb1_4,1_4,1_4,1_4&Prime; _builder_version=\u00a0\u00bb4.7.4&Prime; _module_preset=\u00a0\u00bbdefault\u00a0\u00bb custom_padding=\u00a0\u00bb30px||0px|||\u00a0\u00bb][et_pb_column type=\u00a0\u00bb1_4&Prime; _builder_version=\u00a0\u00bb4.7.4&Prime; _module_preset=\u00a0\u00bbdefault\u00a0\u00bb][et_pb_text _builder_version=\u00a0\u00bb4.7.4&Prime; text_font=\u00a0\u00bbLato||||||||\u00a0\u00bb text_font_size=\u00a0\u00bb20px\u00a0\u00bb text_line_height=\u00a0\u00bb2em\u00a0\u00bb header_2_font=\u00a0\u00bbLato|300|||||||\u00a0\u00bb header_2_text_align=\u00a0\u00bbcenter\u00a0\u00bb header_2_text_color=\u00a0\u00bb#333333&Prime; header_2_font_size=\u00a0\u00bb25px\u00a0\u00bb header_2_line_height=\u00a0\u00bb1.5em\u00a0\u00bb background_enable_color=\u00a0\u00bboff\u00a0\u00bb text_orientation=\u00a0\u00bbjustified\u00a0\u00bb custom_margin=\u00a0\u00bb||||false|false\u00a0\u00bb custom_padding=\u00a0\u00bb10px||||false|false\u00a0\u00bb text_orientation_tablet=\u00a0\u00bb\u00a0\u00bb text_orientation_phone=\u00a0\u00bbleft\u00a0\u00bb text_orientation_last_edited=\u00a0\u00bbon|desktop\u00a0\u00bb]<\/p>\n<h2>VOUS N&rsquo;\u00caTES PAS TENU DE SOUMETTRE LE FORMULAIRE 3916 SUR VOS BIENS \u00c0 L&rsquo;\u00c9TRANGER<\/h2>\n<p>[\/et_pb_text][\/et_pb_column][et_pb_column type=\u00a0\u00bb1_4&Prime; _builder_version=\u00a0\u00bb4.7.4&Prime; _module_preset=\u00a0\u00bbdefault\u00a0\u00bb][et_pb_text _builder_version=\u00a0\u00bb4.7.4&Prime; text_font=\u00a0\u00bbLato||||||||\u00a0\u00bb text_font_size=\u00a0\u00bb20px\u00a0\u00bb text_line_height=\u00a0\u00bb2em\u00a0\u00bb header_2_font=\u00a0\u00bbLato|300|||||||\u00a0\u00bb header_2_text_align=\u00a0\u00bbcenter\u00a0\u00bb header_2_text_color=\u00a0\u00bb#333333&Prime; header_2_font_size=\u00a0\u00bb25px\u00a0\u00bb header_2_line_height=\u00a0\u00bb1.5em\u00a0\u00bb background_enable_color=\u00a0\u00bboff\u00a0\u00bb text_orientation=\u00a0\u00bbjustified\u00a0\u00bb custom_margin=\u00a0\u00bb||||false|false\u00a0\u00bb custom_padding=\u00a0\u00bb10px||||false|false\u00a0\u00bb text_orientation_tablet=\u00a0\u00bb\u00a0\u00bb text_orientation_phone=\u00a0\u00bbleft\u00a0\u00bb text_orientation_last_edited=\u00a0\u00bbon|desktop\u00a0\u00bb]<\/p>\n<h2>IL OFFRE DE GRANDES AVANTAGES AUX PENSIONN\u00c9S<\/h2>\n<p>[\/et_pb_text][\/et_pb_column][et_pb_column type=\u00a0\u00bb1_4&Prime; _builder_version=\u00a0\u00bb4.7.4&Prime; _module_preset=\u00a0\u00bbdefault\u00a0\u00bb][et_pb_text _builder_version=\u00a0\u00bb4.7.4&Prime; text_font=\u00a0\u00bbLato||||||||\u00a0\u00bb text_font_size=\u00a0\u00bb20px\u00a0\u00bb text_line_height=\u00a0\u00bb2em\u00a0\u00bb header_2_font=\u00a0\u00bbLato|300|||||||\u00a0\u00bb header_2_text_align=\u00a0\u00bbcenter\u00a0\u00bb header_2_text_color=\u00a0\u00bb#333333&Prime; header_2_font_size=\u00a0\u00bb25px\u00a0\u00bb header_2_line_height=\u00a0\u00bb1.5em\u00a0\u00bb background_enable_color=\u00a0\u00bboff\u00a0\u00bb text_orientation=\u00a0\u00bbjustified\u00a0\u00bb custom_margin=\u00a0\u00bb||||false|false\u00a0\u00bb custom_padding=\u00a0\u00bb10px||||false|false\u00a0\u00bb text_orientation_tablet=\u00a0\u00bb\u00a0\u00bb text_orientation_phone=\u00a0\u00bbleft\u00a0\u00bb text_orientation_last_edited=\u00a0\u00bbon|desktop\u00a0\u00bb]<\/p>\n<h2>CONVENTIONS DE DOUBLE IMPOSITION<\/h2>\n<p>[\/et_pb_text][\/et_pb_column][et_pb_column type=\u00a0\u00bb1_4&Prime; _builder_version=\u00a0\u00bb4.7.4&Prime; _module_preset=\u00a0\u00bbdefault\u00a0\u00bb][et_pb_text _builder_version=\u00a0\u00bb4.7.4&Prime; text_font=\u00a0\u00bbLato||||||||\u00a0\u00bb text_font_size=\u00a0\u00bb20px\u00a0\u00bb text_line_height=\u00a0\u00bb2em\u00a0\u00bb header_2_font=\u00a0\u00bbLato|300|||||||\u00a0\u00bb header_2_text_align=\u00a0\u00bbcenter\u00a0\u00bb header_2_text_color=\u00a0\u00bb#333333&Prime; header_2_font_size=\u00a0\u00bb25px\u00a0\u00bb header_2_line_height=\u00a0\u00bb1.5em\u00a0\u00bb background_enable_color=\u00a0\u00bboff\u00a0\u00bb text_orientation=\u00a0\u00bbjustified\u00a0\u00bb custom_margin=\u00a0\u00bb||||false|false\u00a0\u00bb custom_padding=\u00a0\u00bb10px||||false|false\u00a0\u00bb text_orientation_tablet=\u00a0\u00bb\u00a0\u00bb text_orientation_phone=\u00a0\u00bbleft\u00a0\u00bb text_orientation_last_edited=\u00a0\u00bbon|desktop\u00a0\u00bb]<\/p>\n<h2>ET RESPECTE DES EXIGENCES DE TRANSPARENCE<\/h2>\n<p>[\/et_pb_text][\/et_pb_column][\/et_pb_row][\/et_pb_section][et_pb_section fb_built=\u00a0\u00bb1&Prime; fullwidth=\u00a0\u00bbon\u00a0\u00bb _builder_version=\u00a0\u00bb4.7.4&Prime; _module_preset=\u00a0\u00bbdefault\u00a0\u00bb][et_pb_fullwidth_image src=\u00a0\u00bbhttps:\/\/ancei.com\/wp-content\/uploads\/2021\/03\/Montan\u0303a-Andorra-ANCEI.png\u00a0\u00bb title_text=\u00a0\u00bbMontagne Andorrane | ANCEI.\u00a0\u00bb _builder_version=\u00a0\u00bb4.9.1&Prime; _module_preset=\u00a0\u00bbdefault\u00a0\u00bb][\/et_pb_fullwidth_image][\/et_pb_section][et_pb_section fb_built=\u00a0\u00bb1&Prime; _builder_version=\u00a0\u00bb4.4.5&Prime; background_color=\u00a0\u00bb#f4f4f4&Prime; background_enable_image=\u00a0\u00bboff\u00a0\u00bb background_position=\u00a0\u00bbtop_center\u00a0\u00bb custom_padding=\u00a0\u00bb60px||60px||true|\u00a0\u00bb][et_pb_row admin_label=\u00a0\u00bbDomaine de comp\u00e9tence\u00a0\u00bb _builder_version=\u00a0\u00bb3.25&Prime; custom_padding=\u00a0\u00bb0px||30px|||\u00a0\u00bb][et_pb_column type=\u00a0\u00bb4_4&Prime; _builder_version=\u00a0\u00bb3.25&Prime; custom_padding=\u00a0\u00bb|||\u00a0\u00bb custom_padding__hover=\u00a0\u00bb|||\u00a0\u00bb][et_pb_text content_phone=\u00a0\u00bb<\/p>\n<h2>NOUS CALCULONS COMBIEN VOUS POURRIEZ \u00c9CONOMISER EN CHANGEANT VOTRE R\u00c9SIDENCE FISCALE EN ANDORRE<\/h2>\n<p>\u00a0\u00bb content_last_edited=\u00a0\u00bboff|phone\u00a0\u00bb admin_label=\u00a0\u00bbTitle\u00a0\u00bb _builder_version=\u00a0\u00bb4.7.4&Prime; text_font=\u00a0\u00bb||||||||\u00a0\u00bb header_font=\u00a0\u00bb||||||||\u00a0\u00bb header_2_font=\u00a0\u00bbRaleway|900|||||||\u00a0\u00bb header_2_text_align=\u00a0\u00bbcenter\u00a0\u00bb header_2_font_size=\u00a0\u00bb40px\u00a0\u00bb header_2_line_height=\u00a0\u00bb1.5em\u00a0\u00bb module_alignment=\u00a0\u00bbcenter\u00a0\u00bb custom_margin=\u00a0\u00bb||10px|\u00a0\u00bb custom_padding=\u00a0\u00bb|||\u00a0\u00bb header_2_font_size_tablet=\u00a0\u00bb40px\u00a0\u00bb header_2_font_size_phone=\u00a0\u00bb30px\u00a0\u00bb header_2_font_size_last_edited=\u00a0\u00bbon|phone\u00a0\u00bb]<\/p>\n<h2>NOUS VOUS AIDONS DANS VOTRE CHANGEMENT DE R\u00c9SIDENCE<\/h2>\n<p>[\/et_pb_text][et_pb_divider divider_position=\u00a0\u00bbcenter\u00a0\u00bb divider_weight=\u00a0\u00bb3px\u00a0\u00bb _builder_version=\u00a0\u00bb4.9.1&Prime; max_width=\u00a0\u00bb70px\u00a0\u00bb module_alignment=\u00a0\u00bbcenter\u00a0\u00bb custom_margin=\u00a0\u00bb||10px||false|false\u00a0\u00bb animation_direction=\u00a0\u00bbtop\u00a0\u00bb locked=\u00a0\u00bboff\u00a0\u00bb][\/et_pb_divider][\/et_pb_column][\/et_pb_row][et_pb_row _builder_version=\u00a0\u00bb4.4.5&Prime; custom_padding=\u00a0\u00bb0px||0px|||\u00a0\u00bb][et_pb_column type=\u00a0\u00bb4_4&Prime; _builder_version=\u00a0\u00bb4.4.5&Prime;][et_pb_contact_form use_spam_service=\u00a0\u00bbon\u00a0\u00bb recaptcha_list=\u00a0\u00bbANCEI|ANCEI-0&Prime; email=\u00a0\u00bbcontacte@ancei.com\u00a0\u00bb custom_message=\u00a0\u00bbFORMULAIRE MODULE DE CHANGEMENT DE R\u00c9SIDENCE FISCALE EN ANDORRE||et_pb_line_break_holder||Nombre: %%Nombre%% %%Apellido%%||et_pb_line_break_holder||Email: %%Email%%||et_pb_line_break_holder||M\u00f3vil: %%Tel\u00e9fono%%||et_pb_line_break_holder||Mensaje: %%Mensaje%%\u00a0\u00bb success_message=\u00a0\u00bbMerci de contacter l&#039;\u00e9quipe d&#039;ANCEI ! Nous vous contacterons bient\u00f4t.\u00a0\u00bb submit_button_text=\u00a0\u00bbCONTACTER\u00a0\u00bb _builder_version=\u00a0\u00bb4.9.1&Prime; form_field_background_color=\u00a0\u00bb#ffffff\u00a0\u00bb form_field_font=\u00a0\u00bbLato||||||||\u00a0\u00bb form_field_font_size=\u00a0\u00bb18px\u00a0\u00bb custom_button=\u00a0\u00bbon\u00a0\u00bb button_text_size=\u00a0\u00bb20px\u00a0\u00bb button_text_color=\u00a0\u00bb#ffffff\u00a0\u00bb button_bg_color=\u00a0\u00bb#b01f58&Prime; button_border_width=\u00a0\u00bb0px\u00a0\u00bb button_border_color=\u00a0\u00bb#ffffff\u00a0\u00bb button_border_radius=\u00a0\u00bb5px\u00a0\u00bb button_letter_spacing=\u00a0\u00bb2px\u00a0\u00bb button_font=\u00a0\u00bbRaleway||||||||\u00a0\u00bb button_icon=\u00a0\u00bb%%246%%\u00a0\u00bb button_custom_margin=\u00a0\u00bb15px||||false|false\u00a0\u00bb button_custom_padding=\u00a0\u00bb10px||10px||false|false\u00a0\u00bb form_field_font_size_phone=\u00a0\u00bb16px\u00a0\u00bb form_field_font_size_last_edited=\u00a0\u00bboff|desktop\u00a0\u00bb button_text_size_tablet=\u00a0\u00bb\u00a0\u00bb button_text_size_phone=\u00a0\u00bb18px\u00a0\u00bb button_text_size_last_edited=\u00a0\u00bbon|phone\u00a0\u00bb button_icon_placement_phone=\u00a0\u00bbright\u00a0\u00bb button_icon_placement_last_edited=\u00a0\u00bboff|phone\u00a0\u00bb custom_css_before_last_edited=\u00a0\u00bboff|phone\u00a0\u00bb][et_pb_contact_field field_id=\u00a0\u00bbNombre\u00a0\u00bb field_title=\u00a0\u00bbNom\u00a0\u00bb _builder_version=\u00a0\u00bb4.4.5&Prime; button_text_size__hover_enabled=\u00a0\u00bboff\u00a0\u00bb button_one_text_size__hover_enabled=\u00a0\u00bboff\u00a0\u00bb button_two_text_size__hover_enabled=\u00a0\u00bboff\u00a0\u00bb button_text_color__hover_enabled=\u00a0\u00bboff\u00a0\u00bb button_one_text_color__hover_enabled=\u00a0\u00bboff\u00a0\u00bb button_two_text_color__hover_enabled=\u00a0\u00bboff\u00a0\u00bb button_border_width__hover_enabled=\u00a0\u00bboff\u00a0\u00bb button_one_border_width__hover_enabled=\u00a0\u00bboff\u00a0\u00bb button_two_border_width__hover_enabled=\u00a0\u00bboff\u00a0\u00bb button_border_color__hover_enabled=\u00a0\u00bboff\u00a0\u00bb button_one_border_color__hover_enabled=\u00a0\u00bboff\u00a0\u00bb button_two_border_color__hover_enabled=\u00a0\u00bboff\u00a0\u00bb button_border_radius__hover_enabled=\u00a0\u00bboff\u00a0\u00bb button_one_border_radius__hover_enabled=\u00a0\u00bboff\u00a0\u00bb button_two_border_radius__hover_enabled=\u00a0\u00bboff\u00a0\u00bb button_letter_spacing__hover_enabled=\u00a0\u00bboff\u00a0\u00bb button_one_letter_spacing__hover_enabled=\u00a0\u00bboff\u00a0\u00bb button_two_letter_spacing__hover_enabled=\u00a0\u00bboff\u00a0\u00bb button_bg_color__hover_enabled=\u00a0\u00bboff\u00a0\u00bb button_one_bg_color__hover_enabled=\u00a0\u00bboff\u00a0\u00bb button_two_bg_color__hover_enabled=\u00a0\u00bboff\u00a0\u00bb][\/et_pb_contact_field][et_pb_contact_field field_id=\u00a0\u00bbApellido\u00a0\u00bb field_title=\u00a0\u00bbPr\u00e9nom\u00a0\u00bb _builder_version=\u00a0\u00bb4.4.5&Prime; button_text_size__hover_enabled=\u00a0\u00bboff\u00a0\u00bb button_one_text_size__hover_enabled=\u00a0\u00bboff\u00a0\u00bb button_two_text_size__hover_enabled=\u00a0\u00bboff\u00a0\u00bb button_text_color__hover_enabled=\u00a0\u00bboff\u00a0\u00bb button_one_text_color__hover_enabled=\u00a0\u00bboff\u00a0\u00bb button_two_text_color__hover_enabled=\u00a0\u00bboff\u00a0\u00bb button_border_width__hover_enabled=\u00a0\u00bboff\u00a0\u00bb button_one_border_width__hover_enabled=\u00a0\u00bboff\u00a0\u00bb button_two_border_width__hover_enabled=\u00a0\u00bboff\u00a0\u00bb button_border_color__hover_enabled=\u00a0\u00bboff\u00a0\u00bb button_one_border_color__hover_enabled=\u00a0\u00bboff\u00a0\u00bb button_two_border_color__hover_enabled=\u00a0\u00bboff\u00a0\u00bb button_border_radius__hover_enabled=\u00a0\u00bboff\u00a0\u00bb button_one_border_radius__hover_enabled=\u00a0\u00bboff\u00a0\u00bb button_two_border_radius__hover_enabled=\u00a0\u00bboff\u00a0\u00bb button_letter_spacing__hover_enabled=\u00a0\u00bboff\u00a0\u00bb button_one_letter_spacing__hover_enabled=\u00a0\u00bboff\u00a0\u00bb button_two_letter_spacing__hover_enabled=\u00a0\u00bboff\u00a0\u00bb button_bg_color__hover_enabled=\u00a0\u00bboff\u00a0\u00bb button_one_bg_color__hover_enabled=\u00a0\u00bboff\u00a0\u00bb button_two_bg_color__hover_enabled=\u00a0\u00bboff\u00a0\u00bb][\/et_pb_contact_field][et_pb_contact_field field_id=\u00a0\u00bbEmail\u00a0\u00bb field_title=\u00a0\u00bbEmail\u00a0\u00bb field_type=\u00a0\u00bbemail\u00a0\u00bb _builder_version=\u00a0\u00bb4.4.5&Prime; button_text_size__hover_enabled=\u00a0\u00bboff\u00a0\u00bb button_one_text_size__hover_enabled=\u00a0\u00bboff\u00a0\u00bb button_two_text_size__hover_enabled=\u00a0\u00bboff\u00a0\u00bb button_text_color__hover_enabled=\u00a0\u00bboff\u00a0\u00bb button_one_text_color__hover_enabled=\u00a0\u00bboff\u00a0\u00bb button_two_text_color__hover_enabled=\u00a0\u00bboff\u00a0\u00bb button_border_width__hover_enabled=\u00a0\u00bboff\u00a0\u00bb button_one_border_width__hover_enabled=\u00a0\u00bboff\u00a0\u00bb button_two_border_width__hover_enabled=\u00a0\u00bboff\u00a0\u00bb button_border_color__hover_enabled=\u00a0\u00bboff\u00a0\u00bb button_one_border_color__hover_enabled=\u00a0\u00bboff\u00a0\u00bb button_two_border_color__hover_enabled=\u00a0\u00bboff\u00a0\u00bb button_border_radius__hover_enabled=\u00a0\u00bboff\u00a0\u00bb button_one_border_radius__hover_enabled=\u00a0\u00bboff\u00a0\u00bb button_two_border_radius__hover_enabled=\u00a0\u00bboff\u00a0\u00bb button_letter_spacing__hover_enabled=\u00a0\u00bboff\u00a0\u00bb button_one_letter_spacing__hover_enabled=\u00a0\u00bboff\u00a0\u00bb button_two_letter_spacing__hover_enabled=\u00a0\u00bboff\u00a0\u00bb button_bg_color__hover_enabled=\u00a0\u00bboff\u00a0\u00bb button_one_bg_color__hover_enabled=\u00a0\u00bboff\u00a0\u00bb button_two_bg_color__hover_enabled=\u00a0\u00bboff\u00a0\u00bb][\/et_pb_contact_field][et_pb_contact_field field_id=\u00a0\u00bbTel\u00e9fono\u00a0\u00bb field_title=\u00a0\u00bbT\u00e9l\u00e9phone\u00a0\u00bb _builder_version=\u00a0\u00bb4.4.5&Prime; button_text_size__hover_enabled=\u00a0\u00bboff\u00a0\u00bb button_one_text_size__hover_enabled=\u00a0\u00bboff\u00a0\u00bb button_two_text_size__hover_enabled=\u00a0\u00bboff\u00a0\u00bb button_text_color__hover_enabled=\u00a0\u00bboff\u00a0\u00bb button_one_text_color__hover_enabled=\u00a0\u00bboff\u00a0\u00bb button_two_text_color__hover_enabled=\u00a0\u00bboff\u00a0\u00bb button_border_width__hover_enabled=\u00a0\u00bboff\u00a0\u00bb button_one_border_width__hover_enabled=\u00a0\u00bboff\u00a0\u00bb button_two_border_width__hover_enabled=\u00a0\u00bboff\u00a0\u00bb button_border_color__hover_enabled=\u00a0\u00bboff\u00a0\u00bb button_one_border_color__hover_enabled=\u00a0\u00bboff\u00a0\u00bb button_two_border_color__hover_enabled=\u00a0\u00bboff\u00a0\u00bb button_border_radius__hover_enabled=\u00a0\u00bboff\u00a0\u00bb button_one_border_radius__hover_enabled=\u00a0\u00bboff\u00a0\u00bb button_two_border_radius__hover_enabled=\u00a0\u00bboff\u00a0\u00bb button_letter_spacing__hover_enabled=\u00a0\u00bboff\u00a0\u00bb button_one_letter_spacing__hover_enabled=\u00a0\u00bboff\u00a0\u00bb button_two_letter_spacing__hover_enabled=\u00a0\u00bboff\u00a0\u00bb button_bg_color__hover_enabled=\u00a0\u00bboff\u00a0\u00bb button_one_bg_color__hover_enabled=\u00a0\u00bboff\u00a0\u00bb button_two_bg_color__hover_enabled=\u00a0\u00bboff\u00a0\u00bb][\/et_pb_contact_field][et_pb_contact_field field_id=\u00a0\u00bbMensaje\u00a0\u00bb field_title=\u00a0\u00bbMessage\u00a0\u00bb field_type=\u00a0\u00bbtext\u00a0\u00bb fullwidth_field=\u00a0\u00bbon\u00a0\u00bb _builder_version=\u00a0\u00bb4.4.5&Prime; button_text_size__hover_enabled=\u00a0\u00bboff\u00a0\u00bb button_one_text_size__hover_enabled=\u00a0\u00bboff\u00a0\u00bb button_two_text_size__hover_enabled=\u00a0\u00bboff\u00a0\u00bb button_text_color__hover_enabled=\u00a0\u00bboff\u00a0\u00bb button_one_text_color__hover_enabled=\u00a0\u00bboff\u00a0\u00bb button_two_text_color__hover_enabled=\u00a0\u00bboff\u00a0\u00bb button_border_width__hover_enabled=\u00a0\u00bboff\u00a0\u00bb button_one_border_width__hover_enabled=\u00a0\u00bboff\u00a0\u00bb button_two_border_width__hover_enabled=\u00a0\u00bboff\u00a0\u00bb button_border_color__hover_enabled=\u00a0\u00bboff\u00a0\u00bb button_one_border_color__hover_enabled=\u00a0\u00bboff\u00a0\u00bb button_two_border_color__hover_enabled=\u00a0\u00bboff\u00a0\u00bb button_border_radius__hover_enabled=\u00a0\u00bboff\u00a0\u00bb button_one_border_radius__hover_enabled=\u00a0\u00bboff\u00a0\u00bb button_two_border_radius__hover_enabled=\u00a0\u00bboff\u00a0\u00bb button_letter_spacing__hover_enabled=\u00a0\u00bboff\u00a0\u00bb button_one_letter_spacing__hover_enabled=\u00a0\u00bboff\u00a0\u00bb button_two_letter_spacing__hover_enabled=\u00a0\u00bboff\u00a0\u00bb button_bg_color__hover_enabled=\u00a0\u00bboff\u00a0\u00bb button_one_bg_color__hover_enabled=\u00a0\u00bboff\u00a0\u00bb button_two_bg_color__hover_enabled=\u00a0\u00bboff\u00a0\u00bb][\/et_pb_contact_field][et_pb_contact_field field_id=\u00a0\u00bbPP\u00a0\u00bb field_title=\u00a0\u00bb \u00a0\u00bb field_type=\u00a0\u00bbcheckbox\u00a0\u00bb checkbox_options=\u00a0\u00bb%91{%22value%22:%22J&#039;ai lu et j&#039;accepte la %22,%22checked%22:0,%22dragID%22:-1,%22link_text%22:%22Politique de Confidentialit\u00e9%22,%22link_url%22:%22https:\\\/\\\/ancei.com\\\/politica-de-privacidad\\\/%22}%93&Prime; fullwidth_field=\u00a0\u00bbon\u00a0\u00bb _builder_version=\u00a0\u00bb4.7.4&Prime;][\/et_pb_contact_field][\/et_pb_contact_form][et_pb_toggle title=\u00a0\u00bbR\u00e9sum\u00e9 de la Politique de Confidentialit\u00e9\u00a0\u00bb open_toggle_background_color=\u00a0\u00bb#ffffff\u00a0\u00bb closed_toggle_background_color=\u00a0\u00bb#ffffff\u00a0\u00bb _builder_version=\u00a0\u00bb4.7.4&Prime; title_font=\u00a0\u00bbLato|700|||||||\u00a0\u00bb title_font_size=\u00a0\u00bb18px\u00a0\u00bb title_line_height=\u00a0\u00bb2em\u00a0\u00bb closed_title_font=\u00a0\u00bbLato|700|||||||\u00a0\u00bb closed_title_font_size=\u00a0\u00bb18px\u00a0\u00bb closed_title_line_height=\u00a0\u00bb2em\u00a0\u00bb body_font=\u00a0\u00bbLato||||||||\u00a0\u00bb body_text_align=\u00a0\u00bbjustify\u00a0\u00bb body_font_size=\u00a0\u00bb18px\u00a0\u00bb body_line_height=\u00a0\u00bb2em\u00a0\u00bb custom_margin=\u00a0\u00bb||||false|false\u00a0\u00bb title_font_size_tablet=\u00a0\u00bb\u00a0\u00bb title_font_size_phone=\u00a0\u00bb16px\u00a0\u00bb title_font_size_last_edited=\u00a0\u00bbon|phone\u00a0\u00bb closed_title_font_size_tablet=\u00a0\u00bb\u00a0\u00bb closed_title_font_size_phone=\u00a0\u00bb16px\u00a0\u00bb closed_title_font_size_last_edited=\u00a0\u00bbon|phone\u00a0\u00bb body_text_align_tablet=\u00a0\u00bb\u00a0\u00bb body_text_align_phone=\u00a0\u00bbleft\u00a0\u00bb body_text_align_last_edited=\u00a0\u00bbon|phone\u00a0\u00bb body_font_size_tablet=\u00a0\u00bb\u00a0\u00bb body_font_size_phone=\u00a0\u00bb16px\u00a0\u00bb body_font_size_last_edited=\u00a0\u00bbon|phone\u00a0\u00bb border_width_all=\u00a0\u00bb0px\u00a0\u00bb]<\/p>\n<ul>\n<li><strong>Responsable du traitement : <\/strong>ANCEI Consultor\u00eda Estrat\u00e9gica Internacional, S.A.<br \/><strong>Finalit\u00e9 : <\/strong>G\u00e9rer la demande de l&rsquo;utilisateur<strong>.<\/strong><br \/><strong>Base juridique : <\/strong>Le consentement de l&rsquo;utilisateur.<br \/><strong>Destinataires : <\/strong>Vos donn\u00e9es ne seront pas transf\u00e9r\u00e9es.<br \/><strong>Conservation : <\/strong>Dur\u00e9e l\u00e9gale maximale \u00e9tablie.<br \/><strong>Droits de l&rsquo;int\u00e9ress\u00e9 : <\/strong>Acc\u00e9der, rectifier et supprimer les donn\u00e9es le concernant, s&rsquo;opposer au traitement des donn\u00e9es, demander la limitation du traitement ou la portabilit\u00e9 des donn\u00e9es.<\/li>\n<\/ul>\n<p>Acc\u00e8s \u00e0 la <a href=\"https:\/\/ancei.com\/politica-de-privacidad\/\">Politique de Confidentialit\u00e9<\/a> (version compl\u00e8te).<\/p>\n<p>[\/et_pb_toggle][\/et_pb_column][\/et_pb_row][\/et_pb_section][et_pb_section fb_built=\u00a0\u00bb1&Prime; admin_label=\u00a0\u00bbService Section\u00a0\u00bb _builder_version=\u00a0\u00bb4.4.5&Prime; background_color=\u00a0\u00bb#f4f4f4&Prime; custom_padding=\u00a0\u00bb0px||60px||false|\u00a0\u00bb][et_pb_row admin_label=\u00a0\u00bbDomaine de comp\u00e9tence\u00a0\u00bb _builder_version=\u00a0\u00bb3.25&Prime; custom_padding=\u00a0\u00bb0px||30px||false|\u00a0\u00bb][et_pb_column type=\u00a0\u00bb4_4&Prime; _builder_version=\u00a0\u00bb3.25&Prime; custom_padding=\u00a0\u00bb|||\u00a0\u00bb custom_padding__hover=\u00a0\u00bb|||\u00a0\u00bb][et_pb_text _builder_version=\u00a0\u00bb4.7.4&Prime; text_font=\u00a0\u00bbLato|300|||||||\u00a0\u00bb text_font_size=\u00a0\u00bb20px\u00a0\u00bb text_line_height=\u00a0\u00bb2em\u00a0\u00bb header_2_font=\u00a0\u00bbRaleway|900|||||||\u00a0\u00bb header_2_font_size=\u00a0\u00bb40px\u00a0\u00bb header_2_line_height=\u00a0\u00bb1.5em\u00a0\u00bb custom_padding=\u00a0\u00bb||0px|||\u00a0\u00bb header_2_font_size_tablet=\u00a0\u00bb\u00a0\u00bb header_2_font_size_phone=\u00a0\u00bb30px\u00a0\u00bb header_2_font_size_last_edited=\u00a0\u00bbon|phone\u00a0\u00bb]<\/p>\n<h2 style=\"text-align: center;\"><span style=\"color: #b01f58;\">PLUS D&rsquo;INFORMATIONS<\/span><\/h2>\n<p>[\/et_pb_text][\/et_pb_column][\/et_pb_row][et_pb_row column_structure=\u00a0\u00bb1_3,1_3,1_3&Prime; use_custom_gutter=\u00a0\u00bbon\u00a0\u00bb gutter_width=\u00a0\u00bb2&Prime; admin_label=\u00a0\u00bbDomaine de comp\u00e9tence\u00a0\u00bb _builder_version=\u00a0\u00bb4.7.4&Prime; custom_padding=\u00a0\u00bb0px||0px|||\u00a0\u00bb animation_style=\u00a0\u00bbfade\u00a0\u00bb][et_pb_column type=\u00a0\u00bb1_3&Prime; _builder_version=\u00a0\u00bb3.25&Prime; custom_padding=\u00a0\u00bb|||\u00a0\u00bb custom_padding__hover=\u00a0\u00bb|||\u00a0\u00bb][et_pb_blurb title=\u00a0\u00bbDiff\u00e9rences entre le permis de r\u00e9sidence active et passive\u00a0\u00bb url=\u00a0\u00bbhttps:\/\/ancei.com\/fr\/permis-de-residence-active-et-passive\/\u00a0\u00bb use_icon=\u00a0\u00bbon\u00a0\u00bb font_icon=\u00a0\u00bb%%168%%\u00a0\u00bb content_max_width=\u00a0\u00bb300px\u00a0\u00bb use_icon_font_size=\u00a0\u00bbon\u00a0\u00bb icon_font_size=\u00a0\u00bb42px\u00a0\u00bb _builder_version=\u00a0\u00bb4.9.1&Prime; header_font=\u00a0\u00bbLato|900|||||||\u00a0\u00bb header_text_color=\u00a0\u00bb#ffffff\u00a0\u00bb header_font_size=\u00a0\u00bb20px\u00a0\u00bb header_line_height=\u00a0\u00bb1.4em\u00a0\u00bb body_font=\u00a0\u00bbLato|300|||||||\u00a0\u00bb body_text_color=\u00a0\u00bb#ffffff\u00a0\u00bb body_font_size=\u00a0\u00bb18px\u00a0\u00bb body_line_height=\u00a0\u00bb1.5em\u00a0\u00bb background_enable_color=\u00a0\u00bboff\u00a0\u00bb background_image=\u00a0\u00bbhttps:\/\/ancei.com\/wp-content\/uploads\/2021\/03\/Cambio-residencia-Andorra-ANCEI.png\u00a0\u00bb text_orientation=\u00a0\u00bbcenter\u00a0\u00bb custom_margin=\u00a0\u00bb||||false|false\u00a0\u00bb custom_padding=\u00a0\u00bb45px|30px|45px|30px|false|false\u00a0\u00bb filter_saturate=\u00a0\u00bb0%\u00a0\u00bb animation_direction=\u00a0\u00bbleft\u00a0\u00bb link_option_url=\u00a0\u00bbhttps:\/\/ancei.com\/fr\/permis-de-residence-active-et-passive\/\u00a0\u00bb header_font_size_phone=\u00a0\u00bb18px\u00a0\u00bb header_font_size_last_edited=\u00a0\u00bboff|phone\u00a0\u00bb border_radii=\u00a0\u00bbon|30px|30px|30px|30px\u00a0\u00bb box_shadow_style=\u00a0\u00bbpreset1&Prime; locked=\u00a0\u00bboff\u00a0\u00bb filter_saturate__hover_enabled=\u00a0\u00bbon|hover\u00a0\u00bb filter_saturate__hover=\u00a0\u00bb100%\u00a0\u00bb][\/et_pb_blurb][\/et_pb_column][et_pb_column type=\u00a0\u00bb1_3&Prime; _builder_version=\u00a0\u00bb3.25&Prime; custom_padding=\u00a0\u00bb|||\u00a0\u00bb custom_padding__hover=\u00a0\u00bb|||\u00a0\u00bb][et_pb_blurb title=\u00a0\u00bbExigences d&#039;immigration pour obtenir la r\u00e9sidence\u00a0\u00bb url=\u00a0\u00bbhttps:\/\/ancei.com\/fr\/permis-de-residence-active-et-passive\/\u00a0\u00bb use_icon=\u00a0\u00bbon\u00a0\u00bb font_icon=\u00a0\u00bb%%149%%\u00a0\u00bb content_max_width=\u00a0\u00bb300px\u00a0\u00bb use_icon_font_size=\u00a0\u00bbon\u00a0\u00bb icon_font_size=\u00a0\u00bb42px\u00a0\u00bb _builder_version=\u00a0\u00bb4.9.1&Prime; header_font=\u00a0\u00bbLato|900|||||||\u00a0\u00bb header_text_color=\u00a0\u00bb#ffffff\u00a0\u00bb header_font_size=\u00a0\u00bb20px\u00a0\u00bb header_line_height=\u00a0\u00bb1.4em\u00a0\u00bb body_font=\u00a0\u00bbLato|300|||||||\u00a0\u00bb body_text_color=\u00a0\u00bb#ffffff\u00a0\u00bb body_font_size=\u00a0\u00bb18px\u00a0\u00bb body_line_height=\u00a0\u00bb1.5em\u00a0\u00bb background_color=\u00a0\u00bb#ffffff\u00a0\u00bb background_image=\u00a0\u00bbhttps:\/\/ancei.com\/wp-content\/uploads\/2021\/03\/Asesoria-fiscal-Andorra-ANCEI.png\u00a0\u00bb background_position=\u00a0\u00bbtop_center\u00a0\u00bb text_orientation=\u00a0\u00bbcenter\u00a0\u00bb custom_margin=\u00a0\u00bb||||false|false\u00a0\u00bb custom_padding=\u00a0\u00bb45px|30px|45px|30px|false|false\u00a0\u00bb filter_saturate=\u00a0\u00bb0%\u00a0\u00bb animation_direction=\u00a0\u00bbleft\u00a0\u00bb link_option_url=\u00a0\u00bbhttps:\/\/ancei.com\/fr\/permis-de-residence-active-et-passive\/\u00a0\u00bb filter_saturate_last_edited=\u00a0\u00bboff|desktop\u00a0\u00bb border_radii=\u00a0\u00bbon|30px|30px|30px|30px\u00a0\u00bb box_shadow_style=\u00a0\u00bbpreset1&Prime; locked=\u00a0\u00bboff\u00a0\u00bb filter_saturate__hover_enabled=\u00a0\u00bbon|hover\u00a0\u00bb filter_saturate__hover=\u00a0\u00bb100%\u00a0\u00bb][\/et_pb_blurb][\/et_pb_column][et_pb_column type=\u00a0\u00bb1_3&Prime; _builder_version=\u00a0\u00bb3.25&Prime; custom_padding=\u00a0\u00bb|||\u00a0\u00bb custom_padding__hover=\u00a0\u00bb|||\u00a0\u00bb][et_pb_blurb title=\u00a0\u00bbQu&#039;est-ce que l&#039;Exit Tax et pourquoi complique-t-elle l&#039;expatriation de France\u00a0\u00bb url=\u00a0\u00bbhttps:\/\/ancei.com\/fr\/quest-ce-que-lexit-tax\/\u00a0\u00bb use_icon=\u00a0\u00bbon\u00a0\u00bb font_icon=\u00a0\u00bb%%143%%\u00a0\u00bb content_max_width=\u00a0\u00bb300px\u00a0\u00bb use_icon_font_size=\u00a0\u00bbon\u00a0\u00bb icon_font_size=\u00a0\u00bb42px\u00a0\u00bb _builder_version=\u00a0\u00bb4.9.1&Prime; header_font=\u00a0\u00bbLato|900|||||||\u00a0\u00bb header_text_color=\u00a0\u00bb#ffffff\u00a0\u00bb header_font_size=\u00a0\u00bb20px\u00a0\u00bb header_line_height=\u00a0\u00bb1.4em\u00a0\u00bb body_font=\u00a0\u00bbLato|300|||||||\u00a0\u00bb body_text_color=\u00a0\u00bb#ffffff\u00a0\u00bb body_font_size=\u00a0\u00bb18px\u00a0\u00bb body_line_height=\u00a0\u00bb1.5em\u00a0\u00bb background_color=\u00a0\u00bb#ffffff\u00a0\u00bb background_image=\u00a0\u00bbhttps:\/\/ancei.com\/wp-content\/uploads\/2021\/03\/Gestion-patrimonial-Andorra-ANCEI.png\u00a0\u00bb text_orientation=\u00a0\u00bbcenter\u00a0\u00bb custom_margin=\u00a0\u00bb||||false|false\u00a0\u00bb custom_padding=\u00a0\u00bb45px|30px|45px|30px|false|false\u00a0\u00bb filter_saturate=\u00a0\u00bb0%\u00a0\u00bb animation_direction=\u00a0\u00bbleft\u00a0\u00bb link_option_url=\u00a0\u00bbhttps:\/\/ancei.com\/fr\/quest-ce-que-lexit-tax\/\u00a0\u00bb border_radii=\u00a0\u00bbon|30px|30px|30px|30px\u00a0\u00bb box_shadow_style=\u00a0\u00bbpreset1&Prime; locked=\u00a0\u00bboff\u00a0\u00bb filter_saturate__hover_enabled=\u00a0\u00bbon|hover\u00a0\u00bb filter_saturate__hover=\u00a0\u00bb100%\u00a0\u00bb][\/et_pb_blurb][\/et_pb_column][\/et_pb_row][\/et_pb_section]<\/p>\n","protected":false},"excerpt":{"rendered":"<p>ANCEI | CHANGEMENT DE R\u00c9SIDENCE FISCALE EN ANDORREAVivre en Andorre est devenu l&rsquo;objectif de nombreuses personnes cherchant \u00e0 am\u00e9liorer leur qualit\u00e9 de vie. En plus d&rsquo;\u00eatre l&rsquo;un des pays les plus s\u00fbrs du monde, Andorre dispose d&rsquo;un excellent syst\u00e8me de sant\u00e9 et d&rsquo;une bonne et vaste offre d&rsquo;\u00e9coles internationales, ainsi que d&rsquo;un des cadres fiscaux [&hellip;]<\/p>\n","protected":false},"author":1,"featured_media":0,"parent":0,"menu_order":0,"comment_status":"closed","ping_status":"closed","template":"","meta":{"_et_pb_use_builder":"on","_et_pb_old_content":"","_et_gb_content_width":"","footnotes":""},"class_list":["post-5152","page","type-page","status-publish","hentry"],"_links":{"self":[{"href":"https:\/\/ancei.com\/fr\/wp-json\/wp\/v2\/pages\/5152"}],"collection":[{"href":"https:\/\/ancei.com\/fr\/wp-json\/wp\/v2\/pages"}],"about":[{"href":"https:\/\/ancei.com\/fr\/wp-json\/wp\/v2\/types\/page"}],"author":[{"embeddable":true,"href":"https:\/\/ancei.com\/fr\/wp-json\/wp\/v2\/users\/1"}],"replies":[{"embeddable":true,"href":"https:\/\/ancei.com\/fr\/wp-json\/wp\/v2\/comments?post=5152"}],"version-history":[{"count":11,"href":"https:\/\/ancei.com\/fr\/wp-json\/wp\/v2\/pages\/5152\/revisions"}],"predecessor-version":[{"id":5408,"href":"https:\/\/ancei.com\/fr\/wp-json\/wp\/v2\/pages\/5152\/revisions\/5408"}],"wp:attachment":[{"href":"https:\/\/ancei.com\/fr\/wp-json\/wp\/v2\/media?parent=5152"}],"curies":[{"name":"wp","href":"https:\/\/api.w.org\/{rel}","templated":true}]}}