{"id":4967,"date":"2023-05-05T11:06:12","date_gmt":"2023-05-05T11:06:12","guid":{"rendered":"https:\/\/ancei.com\/assessorament-mercantil-internacional\/"},"modified":"2023-05-05T11:08:19","modified_gmt":"2023-05-05T11:08:19","slug":"assessorament-mercantil-internacional","status":"publish","type":"page","link":"https:\/\/ancei.com\/ca\/assessorament-mercantil-internacional\/","title":{"rendered":"Assessorament mercantil internacional"},"content":{"rendered":"<p>[et_pb_section fb_built=\u00bb1&#8243; custom_padding_last_edited=\u00bbon|phone\u00bb _builder_version=\u00bb4.7.4&#8243; background_color=\u00bb#333333&#8243; background_enable_image=\u00bboff\u00bb custom_padding=\u00bb60px||60px||true|\u00bb custom_padding_tablet=\u00bb\u00bb custom_padding_phone=\u00bb30px||30px||true|false\u00bb][et_pb_row _builder_version=\u00bb4.7.4&#8243; custom_padding=\u00bb30px||20px||false|false\u00bb][et_pb_column type=\u00bb4_4&#8243; _builder_version=\u00bb4.4.5&#8243;][et_pb_text content_phone=\u00bb<\/p>\n<h1><span>OBLIGACIONS FISCALS PER A RESIDENTS I NO RESIDENTS<\/span><\/h1>\n<p>\u00bb content_last_edited=\u00bboff|desktop\u00bb admin_label=\u00bbTitle\u00bb _builder_version=\u00bb4.7.4&#8243; text_font=\u00bb||||||||\u00bb header_font=\u00bbRaleway|900|||||||\u00bb header_font_size=\u00bb60px\u00bb header_line_height=\u00bb1.5em\u00bb header_2_font=\u00bbRaleway|900|||||||\u00bb header_2_text_align=\u00bbcenter\u00bb header_2_font_size=\u00bb40px\u00bb header_2_letter_spacing=\u00bb2px\u00bb header_2_line_height=\u00bb1.25em\u00bb module_alignment=\u00bbcenter\u00bb custom_margin=\u00bb||||false|false\u00bb custom_padding=\u00bb|||\u00bb animation_style=\u00bbfade\u00bb header_font_size_tablet=\u00bb\u00bb header_font_size_phone=\u00bb30px\u00bb header_font_size_last_edited=\u00bbon|phone\u00bb header_2_font_size_tablet=\u00bb40px\u00bb header_2_font_size_phone=\u00bb\u00bb header_2_font_size_last_edited=\u00bbon|tablet\u00bb]<\/p>\n<h1 style=\"text-align: left\"><span style=\"color: #ffffff\">ANCEI | ASSESSORAMENT MERCANTIL INTERNACIONAL<\/span><\/h1>\n<p>[\/et_pb_text][\/et_pb_column][\/et_pb_row][\/et_pb_section][et_pb_section fb_built=\u00bb1&#8243; admin_label=\u00bbService Section\u00bb _builder_version=\u00bb4.4.5&#8243; background_color=\u00bb#ffffff\u00bb custom_padding=\u00bb60px||60px||false|\u00bb][et_pb_row admin_label=\u00bbService Area\u00bb _builder_version=\u00bb3.25&#8243; custom_padding=\u00bb0px||30px|||\u00bb][et_pb_column type=\u00bb4_4&#8243; _builder_version=\u00bb3.25&#8243; custom_padding=\u00bb|||\u00bb custom_padding__hover=\u00bb|||\u00bb][et_pb_text _builder_version=\u00bb4.7.4&#8243; text_font=\u00bbLato||||||||\u00bb text_font_size=\u00bb20px\u00bb text_line_height=\u00bb2em\u00bb text_orientation=\u00bbjustified\u00bb custom_margin=\u00bb||30px||false|false\u00bb text_font_size_tablet=\u00bb\u00bb text_font_size_phone=\u00bb18px\u00bb text_font_size_last_edited=\u00bbon|phone\u00bb text_orientation_tablet=\u00bb\u00bb text_orientation_phone=\u00bbleft\u00bb text_orientation_last_edited=\u00bbon|desktop\u00bb]<\/p>\n<p>Tota estrat\u00e8gia d&#8217;internacionalitzaci\u00f3 empresarial ha d&#8217;anar acompanyada d&#8217;un <strong>bon assessorament mercantil internacional,<\/strong> que permeti desenvolupar projectes internacionals de manera eficient. Perqu\u00e8 els negocis internacionals, el comer\u00e7 internacional, necessita experts amb gran domini dels contractes internacionals, que eliminin la incertesa.<\/p>\n<p>[\/et_pb_text][et_pb_divider divider_position=\u00bbcenter\u00bb divider_weight=\u00bb3px\u00bb _builder_version=\u00bb4.9.1&#8243; max_width=\u00bb70px\u00bb module_alignment=\u00bbcenter\u00bb custom_margin=\u00bb||30px||false|false\u00bb animation_direction=\u00bbtop\u00bb locked=\u00bboff\u00bb][\/et_pb_divider][et_pb_text _builder_version=\u00bb4.7.4&#8243; text_font=\u00bbLato||||||||\u00bb text_font_size=\u00bb20px\u00bb text_line_height=\u00bb2em\u00bb header_2_font=\u00bbRaleway|900|||||||\u00bb header_2_text_align=\u00bbcenter\u00bb header_2_text_color=\u00bb#b01f58&#8243; header_2_font_size=\u00bb40px\u00bb header_2_line_height=\u00bb1.5em\u00bb text_orientation=\u00bbjustified\u00bb custom_margin=\u00bb||0px||false|false\u00bb text_font_size_tablet=\u00bb\u00bb text_font_size_phone=\u00bb18px\u00bb text_font_size_last_edited=\u00bbon|phone\u00bb header_2_font_size_tablet=\u00bb\u00bb header_2_font_size_phone=\u00bb30px\u00bb header_2_font_size_last_edited=\u00bbon|phone\u00bb text_orientation_tablet=\u00bb\u00bb text_orientation_phone=\u00bbleft\u00bb text_orientation_last_edited=\u00bbon|desktop\u00bb]<\/p>\n<h2>QUINS SERVEIS D&#8217;ASSESSORAMENT MERCANTIL OFERIM EN UNA CONSULTORIA COM ANCEI?<\/h2>\n<p>El nostre equip d&#8217;assessors mercantils i col\u00b7laboradors et facilitar\u00e0 <span style=\"text-decoration: underline\">assessorament i assist\u00e8ncia<\/span>, sense sortir d&#8217;Andorra, en:<\/p>\n<p>&#8211; La <strong>constituci\u00f3 de societats, filials i sucursals.<\/strong><\/p>\n<p>&#8211; L&#8217;establiment <strong> de filials<\/strong> a l&#8217;estranger.<\/p>\n<p>&#8211; Altres operacions societ\u00e0ries, com l&#8217;a<strong>dquisici\u00f3 i\/o la venda de societats, branques de negoci i actius, fu<\/strong><strong>siones i canvis estructurals en companyies mercantils, la c<\/strong><strong>ompravenda d&#8217;accions i participacions o els augments i reduccions de capital, la dissoluci\u00f3 i liquidaci\u00f3 de societats, <\/strong>etc\u00e8tera. Per tant, la<strong> formalitzaci\u00f3 d&#8217;acords.<\/strong><\/p>\n<p>&#8211; <strong><em>Due diligence<\/em> legal.<\/strong><\/p>\n<p>&#8211; <strong>Protocols familiars.<\/strong><\/p>\n<p>[\/et_pb_text][\/et_pb_column][\/et_pb_row][et_pb_row column_structure=\u00bb1_4,1_4,1_4,1_4&#8243; use_custom_gutter=\u00bbon\u00bb gutter_width=\u00bb2&#8243; _builder_version=\u00bb4.7.4&#8243; _module_preset=\u00bbdefault\u00bb custom_padding=\u00bb0px||0px|||\u00bb animation_style=\u00bbfade\u00bb][et_pb_column type=\u00bb1_4&#8243; _builder_version=\u00bb4.7.4&#8243; _module_preset=\u00bbdefault\u00bb][et_pb_image src=\u00bbhttps:\/\/ancei.com\/wp-content\/uploads\/2021\/03\/Asesoramiento-mercantil-Andorra-ANCEI.png\u00bb title_text=\u00bbAssessorament mercantil Andorra | ANCEI\u00bb _builder_version=\u00bb4.9.1&#8243; _module_preset=\u00bbdefault\u00bb][\/et_pb_image][\/et_pb_column][et_pb_column type=\u00bb1_4&#8243; _builder_version=\u00bb4.7.4&#8243; _module_preset=\u00bbdefault\u00bb][et_pb_image src=\u00bbhttps:\/\/ancei.com\/wp-content\/uploads\/2021\/03\/Comercio-electronico-Andorra-ANCEI.png\u00bb title_text=\u00bbComer\u00e7 electr\u00f2nic Andorra | ANCEI\u00bb _builder_version=\u00bb4.9.2&#8243; _module_preset=\u00bbdefault\u00bb hover_enabled=\u00bb0&#8243; sticky_enabled=\u00bb0&#8243;][\/et_pb_image][\/et_pb_column][et_pb_column type=\u00bb1_4&#8243; _builder_version=\u00bb4.7.4&#8243; _module_preset=\u00bbdefault\u00bb][et_pb_image src=\u00bbhttps:\/\/ancei.com\/wp-content\/uploads\/2021\/03\/Comercio-internacional-Andorra-ANCEI.png\u00bb title_text=\u00bbComer\u00e7 internacional Andorra | ANCEI\u00bb _builder_version=\u00bb4.9.2&#8243; _module_preset=\u00bbdefault\u00bb hover_enabled=\u00bb0&#8243; sticky_enabled=\u00bb0&#8243;][\/et_pb_image][\/et_pb_column][et_pb_column type=\u00bb1_4&#8243; _builder_version=\u00bb4.7.4&#8243; _module_preset=\u00bbdefault\u00bb][et_pb_image src=\u00bbhttps:\/\/ancei.com\/wp-content\/uploads\/2021\/03\/Stock-Andorra-ANCEI.png\u00bb title_text=\u00bbStock Andorra | ANCEI\u00bb _builder_version=\u00bb4.9.2&#8243; _module_preset=\u00bbdefault\u00bb hover_enabled=\u00bb0&#8243; sticky_enabled=\u00bb0&#8243;][\/et_pb_image][\/et_pb_column][\/et_pb_row][et_pb_row admin_label=\u00bbService Area\u00bb _builder_version=\u00bb3.25&#8243; custom_padding=\u00bb30px||0px|||\u00bb][et_pb_column type=\u00bb4_4&#8243; _builder_version=\u00bb3.25&#8243; custom_padding=\u00bb|||\u00bb custom_padding__hover=\u00bb|||\u00bb][et_pb_text _builder_version=\u00bb4.7.4&#8243; text_font=\u00bbLato||||||||\u00bb text_font_size=\u00bb20px\u00bb text_line_height=\u00bb2em\u00bb header_2_font=\u00bbRaleway|900|||||||\u00bb header_2_text_align=\u00bbcenter\u00bb header_2_text_color=\u00bb#b01f58&#8243; header_2_font_size=\u00bb40px\u00bb header_2_line_height=\u00bb1.5em\u00bb text_orientation=\u00bbjustified\u00bb custom_margin=\u00bb||0px||false|false\u00bb text_font_size_tablet=\u00bb\u00bb text_font_size_phone=\u00bb18px\u00bb text_font_size_last_edited=\u00bbon|phone\u00bb text_orientation_tablet=\u00bb\u00bb text_orientation_phone=\u00bbleft\u00bb text_orientation_last_edited=\u00bbon|desktop\u00bb]<\/p>\n<p>Evidentment, tots aquests serveis s\u00f3n aplicables tant a societats andorranes com de fora d&#8217;Andorra. Encara que, gr\u00e0cies a la <strong>sortida del Principat de la llista europea de paradisos fiscals <\/strong>i a l&#8217;homologaci\u00f3 <strong> fiscal internacional del pa\u00eds, <\/strong>cada vegada s\u00f3n m\u00e9s els projectes internacionals situats en aquest pa\u00eds. El comer\u00e7 internacional i <strong>electr\u00f2nic,<\/strong> aquest \u00faltim amb cada vegada m\u00e9s pes, s\u00f3n, a m\u00e9s, activitats que es poden desenvolupar de manera molt eficient des d&#8217;Andorra, ja que, per exemple, no hi ha limitacions vinculades a l&#8217;emmagatzematge de mercaderia dins del pa\u00eds. I \u00e9s per aix\u00f2 que, aquest fet, juntament amb la <strong>fiscalitat atractiva<\/strong> del pa\u00eds, fan d&#8217;Andorra una<strong> base de comer\u00e7 internacional en l&#8217;\u00e0mbit europeu<\/strong> i l&#8217;augment en la constituci\u00f3 de societats andorranes \u00e9s cada vegada m\u00e9s notori. A Ancei estarem encantats de compartir coneixements amb tu per a ajudar-te amb el teu projecte, personal i\/o empresarial.<\/p>\n<p>[\/et_pb_text][\/et_pb_column][\/et_pb_row][\/et_pb_section][et_pb_section fb_built=\u00bb1&#8243; fullwidth=\u00bbon\u00bb _builder_version=\u00bb4.7.4&#8243; _module_preset=\u00bbdefault\u00bb][et_pb_fullwidth_image src=\u00bbhttps:\/\/ancei.com\/wp-content\/uploads\/2021\/03\/Montan\u0303a-Andorra-ANCEI.png\u00bb title_text=\u00bbMuntanya Andorra | ANCEI\u00bb _builder_version=\u00bb4.9.1&#8243; _module_preset=\u00bbdefault\u00bb][\/et_pb_fullwidth_image][\/et_pb_section][et_pb_section fb_built=\u00bb1&#8243; _builder_version=\u00bb4.4.5&#8243; background_color=\u00bb#f4f4f4&#8243; background_enable_image=\u00bboff\u00bb background_position=\u00bbtop_center\u00bb custom_padding=\u00bb60px||60px||true|\u00bb][et_pb_row admin_label=\u00bbService Area\u00bb _builder_version=\u00bb3.25&#8243; custom_padding=\u00bb0px||30px|||\u00bb][et_pb_column type=\u00bb4_4&#8243; _builder_version=\u00bb3.25&#8243; custom_padding=\u00bb|||\u00bb custom_padding__hover=\u00bb|||\u00bb][et_pb_text content_phone=\u00bb<\/p>\n<h2>CALCULEM QUANT T&#8217;ESTALVIARIES CANVIANT LA TEVA RESID\u00c8NCIA FISCAL A ANDORRA<\/h2>\n<p>\u00bb content_last_edited=\u00bboff|phone\u00bb admin_label=\u00bbTitle\u00bb _builder_version=\u00bb4.7.4&#8243; text_font=\u00bb||||||||\u00bb header_font=\u00bb||||||||\u00bb header_2_font=\u00bbRaleway|900|||||||\u00bb header_2_text_align=\u00bbcenter\u00bb header_2_font_size=\u00bb40px\u00bb header_2_line_height=\u00bb1.5em\u00bb module_alignment=\u00bbcenter\u00bb custom_margin=\u00bb||10px|\u00bb custom_padding=\u00bb|||\u00bb header_2_font_size_tablet=\u00bb40px\u00bb header_2_font_size_phone=\u00bb30px\u00bb header_2_font_size_last_edited=\u00bbon|phone\u00bb]<\/p>\n<h2>\u00bfNECESSITES ASSESSORAMENT MERCANTIL?<\/h2>\n<p>[\/et_pb_text][et_pb_divider divider_position=\u00bbcenter\u00bb divider_weight=\u00bb3px\u00bb _builder_version=\u00bb4.9.1&#8243; max_width=\u00bb70px\u00bb module_alignment=\u00bbcenter\u00bb custom_margin=\u00bb||10px||false|false\u00bb animation_direction=\u00bbtop\u00bb locked=\u00bboff\u00bb][\/et_pb_divider][\/et_pb_column][\/et_pb_row][et_pb_row _builder_version=\u00bb4.4.5&#8243; custom_padding=\u00bb0px||0px|||\u00bb][et_pb_column type=\u00bb4_4&#8243; _builder_version=\u00bb4.4.5&#8243;][et_pb_contact_form use_spam_service=\u00bbon\u00bb recaptcha_list=\u00bbANCEI|ANCEI-0&#8243; email=\u00bbcontacte@ancei.com\u00bb custom_message=\u00bbFORMULARI M\u00d2DUL ASSESSORAMENT MERCANTIL INTERNACIONAL||et_pb_line_break_holder||Email: %%Email%%||et_pb_line_break_holder||M\u00f2bil: %%Tel\u00e8fon%%||et_pb_line_break_holder||Missatge: %%Missatge%%\u00bb success_message=\u00bbGr\u00e0cies por contactar amb l&#039;equip d&#039;ANCEI! Aviat ens posarem en contacte amb tu.\u00bb submit_button_text=\u00bbCONTACTAR\u00bb _builder_version=\u00bb4.9.1&#8243; form_field_background_color=\u00bb#ffffff\u00bb form_field_font=\u00bbLato||||||||\u00bb form_field_font_size=\u00bb18px\u00bb custom_button=\u00bbon\u00bb button_text_size=\u00bb20px\u00bb button_text_color=\u00bb#ffffff\u00bb button_bg_color=\u00bb#b01f58&#8243; button_border_width=\u00bb0px\u00bb button_border_color=\u00bb#ffffff\u00bb button_border_radius=\u00bb5px\u00bb button_letter_spacing=\u00bb2px\u00bb button_font=\u00bbRaleway||||||||\u00bb button_icon=\u00bb%%246%%\u00bb button_custom_margin=\u00bb15px||||false|false\u00bb button_custom_padding=\u00bb10px||10px||false|false\u00bb button_text_size_tablet=\u00bb\u00bb button_text_size_phone=\u00bb18px\u00bb button_text_size_last_edited=\u00bbon|phone\u00bb button_icon_placement_phone=\u00bbright\u00bb button_icon_placement_last_edited=\u00bboff|phone\u00bb custom_css_before_last_edited=\u00bboff|phone\u00bb][et_pb_contact_field field_id=\u00bbNombre\u00bb field_title=\u00bbNom\u00bb _builder_version=\u00bb4.4.5&#8243; button_text_size__hover_enabled=\u00bboff\u00bb button_one_text_size__hover_enabled=\u00bboff\u00bb button_two_text_size__hover_enabled=\u00bboff\u00bb button_text_color__hover_enabled=\u00bboff\u00bb button_one_text_color__hover_enabled=\u00bboff\u00bb button_two_text_color__hover_enabled=\u00bboff\u00bb button_border_width__hover_enabled=\u00bboff\u00bb button_one_border_width__hover_enabled=\u00bboff\u00bb button_two_border_width__hover_enabled=\u00bboff\u00bb button_border_color__hover_enabled=\u00bboff\u00bb button_one_border_color__hover_enabled=\u00bboff\u00bb button_two_border_color__hover_enabled=\u00bboff\u00bb button_border_radius__hover_enabled=\u00bboff\u00bb button_one_border_radius__hover_enabled=\u00bboff\u00bb button_two_border_radius__hover_enabled=\u00bboff\u00bb button_letter_spacing__hover_enabled=\u00bboff\u00bb button_one_letter_spacing__hover_enabled=\u00bboff\u00bb button_two_letter_spacing__hover_enabled=\u00bboff\u00bb button_bg_color__hover_enabled=\u00bboff\u00bb button_one_bg_color__hover_enabled=\u00bboff\u00bb button_two_bg_color__hover_enabled=\u00bboff\u00bb][\/et_pb_contact_field][et_pb_contact_field field_id=\u00bbApellido\u00bb field_title=\u00bbCognom\u00bb _builder_version=\u00bb4.4.5&#8243; button_text_size__hover_enabled=\u00bboff\u00bb button_one_text_size__hover_enabled=\u00bboff\u00bb button_two_text_size__hover_enabled=\u00bboff\u00bb button_text_color__hover_enabled=\u00bboff\u00bb button_one_text_color__hover_enabled=\u00bboff\u00bb button_two_text_color__hover_enabled=\u00bboff\u00bb button_border_width__hover_enabled=\u00bboff\u00bb button_one_border_width__hover_enabled=\u00bboff\u00bb button_two_border_width__hover_enabled=\u00bboff\u00bb button_border_color__hover_enabled=\u00bboff\u00bb button_one_border_color__hover_enabled=\u00bboff\u00bb button_two_border_color__hover_enabled=\u00bboff\u00bb button_border_radius__hover_enabled=\u00bboff\u00bb button_one_border_radius__hover_enabled=\u00bboff\u00bb button_two_border_radius__hover_enabled=\u00bboff\u00bb button_letter_spacing__hover_enabled=\u00bboff\u00bb button_one_letter_spacing__hover_enabled=\u00bboff\u00bb button_two_letter_spacing__hover_enabled=\u00bboff\u00bb button_bg_color__hover_enabled=\u00bboff\u00bb button_one_bg_color__hover_enabled=\u00bboff\u00bb button_two_bg_color__hover_enabled=\u00bboff\u00bb][\/et_pb_contact_field][et_pb_contact_field field_id=\u00bbEmail\u00bb field_title=\u00bbEmail\u00bb field_type=\u00bbemail\u00bb _builder_version=\u00bb4.4.5&#8243; button_text_size__hover_enabled=\u00bboff\u00bb button_one_text_size__hover_enabled=\u00bboff\u00bb button_two_text_size__hover_enabled=\u00bboff\u00bb button_text_color__hover_enabled=\u00bboff\u00bb button_one_text_color__hover_enabled=\u00bboff\u00bb button_two_text_color__hover_enabled=\u00bboff\u00bb button_border_width__hover_enabled=\u00bboff\u00bb button_one_border_width__hover_enabled=\u00bboff\u00bb button_two_border_width__hover_enabled=\u00bboff\u00bb button_border_color__hover_enabled=\u00bboff\u00bb button_one_border_color__hover_enabled=\u00bboff\u00bb button_two_border_color__hover_enabled=\u00bboff\u00bb button_border_radius__hover_enabled=\u00bboff\u00bb button_one_border_radius__hover_enabled=\u00bboff\u00bb button_two_border_radius__hover_enabled=\u00bboff\u00bb button_letter_spacing__hover_enabled=\u00bboff\u00bb button_one_letter_spacing__hover_enabled=\u00bboff\u00bb button_two_letter_spacing__hover_enabled=\u00bboff\u00bb button_bg_color__hover_enabled=\u00bboff\u00bb button_one_bg_color__hover_enabled=\u00bboff\u00bb button_two_bg_color__hover_enabled=\u00bboff\u00bb][\/et_pb_contact_field][et_pb_contact_field field_id=\u00bbTel\u00e9fono\u00bb field_title=\u00bbTel\u00e8fon\u00bb _builder_version=\u00bb4.4.5&#8243; button_text_size__hover_enabled=\u00bboff\u00bb button_one_text_size__hover_enabled=\u00bboff\u00bb button_two_text_size__hover_enabled=\u00bboff\u00bb button_text_color__hover_enabled=\u00bboff\u00bb button_one_text_color__hover_enabled=\u00bboff\u00bb button_two_text_color__hover_enabled=\u00bboff\u00bb button_border_width__hover_enabled=\u00bboff\u00bb button_one_border_width__hover_enabled=\u00bboff\u00bb button_two_border_width__hover_enabled=\u00bboff\u00bb button_border_color__hover_enabled=\u00bboff\u00bb button_one_border_color__hover_enabled=\u00bboff\u00bb button_two_border_color__hover_enabled=\u00bboff\u00bb button_border_radius__hover_enabled=\u00bboff\u00bb button_one_border_radius__hover_enabled=\u00bboff\u00bb button_two_border_radius__hover_enabled=\u00bboff\u00bb button_letter_spacing__hover_enabled=\u00bboff\u00bb button_one_letter_spacing__hover_enabled=\u00bboff\u00bb button_two_letter_spacing__hover_enabled=\u00bboff\u00bb button_bg_color__hover_enabled=\u00bboff\u00bb button_one_bg_color__hover_enabled=\u00bboff\u00bb button_two_bg_color__hover_enabled=\u00bboff\u00bb][\/et_pb_contact_field][et_pb_contact_field field_id=\u00bbMensaje\u00bb field_title=\u00bbMissatge\u00bb field_type=\u00bbtext\u00bb fullwidth_field=\u00bbon\u00bb _builder_version=\u00bb4.4.5&#8243; button_text_size__hover_enabled=\u00bboff\u00bb button_one_text_size__hover_enabled=\u00bboff\u00bb button_two_text_size__hover_enabled=\u00bboff\u00bb button_text_color__hover_enabled=\u00bboff\u00bb button_one_text_color__hover_enabled=\u00bboff\u00bb button_two_text_color__hover_enabled=\u00bboff\u00bb button_border_width__hover_enabled=\u00bboff\u00bb button_one_border_width__hover_enabled=\u00bboff\u00bb button_two_border_width__hover_enabled=\u00bboff\u00bb button_border_color__hover_enabled=\u00bboff\u00bb button_one_border_color__hover_enabled=\u00bboff\u00bb button_two_border_color__hover_enabled=\u00bboff\u00bb button_border_radius__hover_enabled=\u00bboff\u00bb button_one_border_radius__hover_enabled=\u00bboff\u00bb button_two_border_radius__hover_enabled=\u00bboff\u00bb button_letter_spacing__hover_enabled=\u00bboff\u00bb button_one_letter_spacing__hover_enabled=\u00bboff\u00bb button_two_letter_spacing__hover_enabled=\u00bboff\u00bb button_bg_color__hover_enabled=\u00bboff\u00bb button_one_bg_color__hover_enabled=\u00bboff\u00bb button_two_bg_color__hover_enabled=\u00bboff\u00bb][\/et_pb_contact_field][et_pb_contact_field field_id=\u00bbPP\u00bb field_title=\u00bb \u00bb field_type=\u00bbcheckbox\u00bb checkbox_options=\u00bb%91{%22value%22:%22He llegit i accepto la %22,%22checked%22:0,%22dragID%22:-1,%22link_text%22:%22Pol\u00edtica de Privacitat%22,%22link_url%22:%22https:\\\/\\\/ancei.com\\\/politica-de-privacitat\\\/%22}%93&#8243; fullwidth_field=\u00bbon\u00bb _builder_version=\u00bb4.7.4&#8243;][\/et_pb_contact_field][\/et_pb_contact_form][et_pb_toggle title=\u00bbResum de la Pol\u00edtica de Privacitat\u00bb open_toggle_background_color=\u00bb#ffffff\u00bb closed_toggle_background_color=\u00bb#ffffff\u00bb _builder_version=\u00bb4.7.4&#8243; title_font=\u00bbLato|700|||||||\u00bb title_font_size=\u00bb18px\u00bb title_line_height=\u00bb2em\u00bb closed_title_font=\u00bbLato|700|||||||\u00bb closed_title_font_size=\u00bb18px\u00bb closed_title_line_height=\u00bb2em\u00bb body_font=\u00bbLato||||||||\u00bb body_text_align=\u00bbjustify\u00bb body_font_size=\u00bb18px\u00bb body_line_height=\u00bb2em\u00bb custom_margin=\u00bb||||false|false\u00bb title_font_size_tablet=\u00bb\u00bb title_font_size_phone=\u00bb16px\u00bb title_font_size_last_edited=\u00bbon|phone\u00bb closed_title_font_size_tablet=\u00bb\u00bb closed_title_font_size_phone=\u00bb16px\u00bb closed_title_font_size_last_edited=\u00bbon|phone\u00bb body_text_align_tablet=\u00bb\u00bb body_text_align_phone=\u00bbleft\u00bb body_text_align_last_edited=\u00bbon|phone\u00bb body_font_size_tablet=\u00bb\u00bb body_font_size_phone=\u00bb16px\u00bb body_font_size_last_edited=\u00bbon|phone\u00bb border_width_all=\u00bb0px\u00bb]<\/p>\n<ul>\n<li><strong>Responsable del tractament:<\/strong> ANCEI Consultoria Estrat\u00e8gica Internacional, S.A.<\/li>\n<li><strong>Finalitat:<\/strong> Gestionar la sol\u00b7licitud de l&#8217;usuari.<\/li>\n<li><strong>Base jur\u00eddica:<\/strong> El consentiment de l&#8217;usuari.<\/li>\n<li><strong>Destinataris:<\/strong> Les seves dades no se cediran.<\/li>\n<li><strong>Conservaci\u00f3:<\/strong> Per\u00edode legal m\u00e0xim establert.<\/li>\n<li><strong>Drets de l&#8217;interessat:<\/strong> Accedir, rectificar i cancel\u00b7lar les dades referents a la seva persona, oposar-se al tractament de les dades, sol\u00b7licitar la limitaci\u00f3 del tractament o la portabilitat de les dades.\n<div class=\"page\" title=\"Page 12\">\n<div class=\"layoutArea\">\u00a0<\/div>\n<\/div>\n<\/li>\n<\/ul>\n<p>Acc\u00e9s a la <a href=\"https:\/\/ancei.com\/politica-de-privacitat\/\">Pol\u00edtica de Privacitat<\/a> (versi\u00f3 completa).<\/p>\n<p>[\/et_pb_toggle][\/et_pb_column][\/et_pb_row][\/et_pb_section]<\/p>\n","protected":false},"excerpt":{"rendered":"<p>ANCEI | ASSESSORAMENT MERCANTIL INTERNACIONALTota estrat\u00e8gia d&#8217;internacionalitzaci\u00f3 empresarial ha d&#8217;anar acompanyada d&#8217;un bon assessorament mercantil internacional, que permeti desenvolupar projectes internacionals de manera eficient. Perqu\u00e8 els negocis internacionals, el comer\u00e7 internacional, necessita experts amb gran domini dels contractes internacionals, que eliminin la incertesa.QUINS SERVEIS D&#8217;ASSESSORAMENT MERCANTIL OFERIM EN UNA CONSULTORIA COM ANCEI? El nostre equip [&hellip;]<\/p>\n","protected":false},"author":1,"featured_media":0,"parent":0,"menu_order":0,"comment_status":"closed","ping_status":"closed","template":"","meta":{"_et_pb_use_builder":"on","_et_pb_old_content":"","_et_gb_content_width":"","footnotes":""},"class_list":["post-4967","page","type-page","status-publish","hentry"],"_links":{"self":[{"href":"https:\/\/ancei.com\/ca\/wp-json\/wp\/v2\/pages\/4967","targetHints":{"allow":["GET"]}}],"collection":[{"href":"https:\/\/ancei.com\/ca\/wp-json\/wp\/v2\/pages"}],"about":[{"href":"https:\/\/ancei.com\/ca\/wp-json\/wp\/v2\/types\/page"}],"author":[{"embeddable":true,"href":"https:\/\/ancei.com\/ca\/wp-json\/wp\/v2\/users\/1"}],"replies":[{"embeddable":true,"href":"https:\/\/ancei.com\/ca\/wp-json\/wp\/v2\/comments?post=4967"}],"version-history":[{"count":8,"href":"https:\/\/ancei.com\/ca\/wp-json\/wp\/v2\/pages\/4967\/revisions"}],"predecessor-version":[{"id":4975,"href":"https:\/\/ancei.com\/ca\/wp-json\/wp\/v2\/pages\/4967\/revisions\/4975"}],"wp:attachment":[{"href":"https:\/\/ancei.com\/ca\/wp-json\/wp\/v2\/media?parent=4967"}],"curies":[{"name":"wp","href":"https:\/\/api.w.org\/{rel}","templated":true}]}}