{"id":4919,"date":"2023-05-04T14:53:50","date_gmt":"2023-05-04T14:53:50","guid":{"rendered":"https:\/\/ancei.com\/consultoria-estrategica-internacional\/"},"modified":"2024-10-08T14:23:10","modified_gmt":"2024-10-08T14:23:10","slug":"consultoria-estrategica-internacional","status":"publish","type":"page","link":"https:\/\/ancei.com\/ca\/consultoria-estrategica-internacional\/","title":{"rendered":"Consultoria estrat\u00e8gica internacional"},"content":{"rendered":"<p>[et_pb_section fb_built=&#8221;1&#8243; custom_padding_last_edited=&#8221;on|phone&#8221; _builder_version=&#8221;4.16&#8243; background_color=&#8221;#333333&#8243; background_enable_image=&#8221;off&#8221; custom_padding=&#8221;60px||60px||true|&#8221; custom_padding_tablet=&#8221;&#8221; custom_padding_phone=&#8221;30px||30px||true|false&#8221; global_colors_info=&#8221;{}&#8221;][et_pb_row _builder_version=&#8221;4.16&#8243; custom_padding=&#8221;30px||20px||false|false&#8221; global_colors_info=&#8221;{}&#8221;][et_pb_column type=&#8221;4_4&#8243; _builder_version=&#8221;4.16&#8243; global_colors_info=&#8221;{}&#8221;][et_pb_text content_phone=&#8221;<\/p>\n<h1><span>OBLIGACIONS FISCALS PER A RESIDENTS I NO RESIDENTS<\/span><\/h1>\n<p>&#8221; content_last_edited=&#8221;off|desktop&#8221; admin_label=&#8221;Title&#8221; _builder_version=&#8221;4.16&#8243; text_font=&#8221;||||||||&#8221; header_font=&#8221;Raleway|900|||||||&#8221; header_font_size=&#8221;60px&#8221; header_line_height=&#8221;1.5em&#8221; header_2_font=&#8221;Raleway|900|||||||&#8221; header_2_text_align=&#8221;center&#8221; header_2_font_size=&#8221;40px&#8221; header_2_letter_spacing=&#8221;2px&#8221; header_2_line_height=&#8221;1.25em&#8221; module_alignment=&#8221;center&#8221; custom_margin=&#8221;||||false|false&#8221; custom_padding=&#8221;|||&#8221; animation_style=&#8221;fade&#8221; header_font_size_tablet=&#8221;&#8221; header_font_size_phone=&#8221;30px&#8221; header_font_size_last_edited=&#8221;on|phone&#8221; header_2_font_size_tablet=&#8221;40px&#8221; header_2_font_size_phone=&#8221;&#8221; header_2_font_size_last_edited=&#8221;on|tablet&#8221; global_colors_info=&#8221;{}&#8221;]<\/p>\n<h1 style=\"text-align: left\"><span style=\"color: #ffffff\">ANCEI | CONSULTORIA ESTRAT\u00c8GICA INTERNACIONAL<\/span><\/h1>\n<p>[\/et_pb_text][\/et_pb_column][\/et_pb_row][\/et_pb_section][et_pb_section fb_built=&#8221;1&#8243; admin_label=&#8221;Service Section&#8221; _builder_version=&#8221;4.16&#8243; background_color=&#8221;#ffffff&#8221; custom_padding=&#8221;60px||60px||true|&#8221; global_colors_info=&#8221;{}&#8221;][et_pb_row admin_label=&#8221;Service Area&#8221; _builder_version=&#8221;4.16&#8243; custom_padding=&#8221;0px||0px|||&#8221; global_colors_info=&#8221;{}&#8221;][et_pb_column type=&#8221;4_4&#8243; _builder_version=&#8221;4.16&#8243; custom_padding=&#8221;|||&#8221; global_colors_info=&#8221;{}&#8221; custom_padding__hover=&#8221;|||&#8221;][et_pb_text _builder_version=&#8221;4.16&#8243; text_font=&#8221;Lato||||||||&#8221; text_font_size=&#8221;20px&#8221; text_line_height=&#8221;2em&#8221; text_orientation=&#8221;justified&#8221; custom_margin=&#8221;||||false|false&#8221; text_font_size_tablet=&#8221;&#8221; text_font_size_phone=&#8221;18px&#8221; text_font_size_last_edited=&#8221;on|desktop&#8221; text_orientation_tablet=&#8221;&#8221; text_orientation_phone=&#8221;left&#8221; text_orientation_last_edited=&#8221;on|desktop&#8221; global_colors_info=&#8221;{}&#8221;]<\/p>\n<p>Vivim en un m\u00f3n cada vegada m\u00e9s globalitzat. La irrupci\u00f3 d&#8217;Internet i de les noves tecnologies ha desencadenat tota una revoluci\u00f3 digital que ha transformat per complet la forma en com ens relacionem i, conseq\u00fcentment, la forma en com treballem. I \u00e9s que, actualment, gr\u00e0cies a aquestes eines, podem comunicar-nos i fins i tot estar connectats amb qualsevol persona del planeta en temps real. Aix\u00f2 ha fet que tant persones com empreses hagin d&#8217;adaptar-se, aix\u00ed com adaptar els seus negocis a aquest context global.<\/p>\n<p>En l&#8217;\u00e0mbit personal, l&#8217;augment de la mobilitat, sobretot de les generacions m\u00e9s joves, fa que la <strong>correcta planificaci\u00f3 d&#8217;aspectes com <a href=\"https:\/\/ancei.com\/ca\/canvi-de-residencia-fiscal-a-andorra\/\">la resid\u00e8ncia<\/a>, <\/strong>entre elles la fiscal,<strong> <a href=\"https:\/\/ancei.com\/ca\/jubilacio-a-andorra\/\">la jubilaci\u00f3<\/a>, <a href=\"https:\/\/ancei.com\/ca\/planificacio-dherencies\/\">l&#8217;her\u00e8ncia<\/a>, <\/strong>etc\u00e8tera, cobrin import\u00e0ncia.<\/p>\n<p>[\/et_pb_text][\/et_pb_column][\/et_pb_row][et_pb_row column_structure=&#8221;1_3,1_3,1_3&#8243; use_custom_gutter=&#8221;on&#8221; gutter_width=&#8221;2&#8243; _builder_version=&#8221;4.16&#8243; custom_padding=&#8221;30px||30px|||&#8221; global_colors_info=&#8221;{}&#8221;][et_pb_column type=&#8221;1_3&#8243; _builder_version=&#8221;4.16&#8243; global_colors_info=&#8221;{}&#8221;][et_pb_blurb title=&#8221;Traslladar-se a Andorra&#8221; url=&#8221;https:\/\/ancei.com\/ca\/canvi-de-residencia-fiscal-a-andorra\/&#8221; use_icon=&#8221;on&#8221; font_icon=&#8221;&#xe009;||divi||400&#8243; image_icon_width=&#8221;42px&#8221; content_max_width=&#8221;300px&#8221; _builder_version=&#8221;4.16&#8243; header_font=&#8221;Lato|900|||||||&#8221; header_text_color=&#8221;#ffffff&#8221; header_font_size=&#8221;20px&#8221; header_line_height=&#8221;1.4em&#8221; body_font=&#8221;Lato|300|||||||&#8221; body_text_color=&#8221;#ffffff&#8221; body_font_size=&#8221;18px&#8221; body_line_height=&#8221;1.5em&#8221; background_enable_color=&#8221;off&#8221; background_image=&#8221;https:\/\/ancei.com\/wp-content\/uploads\/2021\/03\/Cambio-residencia-Andorra-ANCEI.png&#8221; text_orientation=&#8221;center&#8221; custom_margin=&#8221;||||false|false&#8221; custom_padding=&#8221;45px|30px|45px|30px|false|false&#8221; filter_saturate=&#8221;0%&#8221; animation_direction=&#8221;left&#8221; link_option_url=&#8221;https:\/\/ancei.com\/ca\/canvi-de-residencia-fiscal-a-andorra\/&#8221; border_radii=&#8221;on|30px|30px|30px|30px&#8221; box_shadow_style=&#8221;preset1&#8243; icon_font_size=&#8221;42px&#8221; locked=&#8221;off&#8221; global_colors_info=&#8221;{}&#8221; filter_saturate__hover_enabled=&#8221;on|hover&#8221; filter_saturate__hover=&#8221;100%&#8221;][\/et_pb_blurb][\/et_pb_column][et_pb_column type=&#8221;1_3&#8243; _builder_version=&#8221;4.16&#8243; global_colors_info=&#8221;{}&#8221;][et_pb_blurb title=&#8221;Jubilar-se a Andorra&#8221; url=&#8221;https:\/\/ancei.com\/ca\/jubilacio-a-andorra\/&#8221; use_icon=&#8221;on&#8221; font_icon=&#8221;&#x39;||divi||400&#8243; image_icon_width=&#8221;42px&#8221; content_max_width=&#8221;300px&#8221; _builder_version=&#8221;4.16&#8243; header_font=&#8221;Lato|900|||||||&#8221; header_text_color=&#8221;#ffffff&#8221; header_font_size=&#8221;20px&#8221; header_line_height=&#8221;1.4em&#8221; body_font=&#8221;Lato|300|||||||&#8221; body_text_color=&#8221;#ffffff&#8221; body_font_size=&#8221;18px&#8221; body_line_height=&#8221;1.5em&#8221; background_color=&#8221;#ffffff&#8221; background_image=&#8221;https:\/\/ancei.com\/wp-content\/uploads\/2021\/03\/Jubilacion-Andorra-ANCEI.png&#8221; text_orientation=&#8221;center&#8221; custom_margin=&#8221;||||false|false&#8221; custom_padding=&#8221;45px|30px|45px|30px|false|false&#8221; filter_saturate=&#8221;0%&#8221; animation_direction=&#8221;left&#8221; link_option_url=&#8221;https:\/\/ancei.com\/ca\/jubilacio-a-andorra\/&#8221; border_radii=&#8221;on|30px|30px|30px|30px&#8221; box_shadow_style=&#8221;preset1&#8243; icon_font_size=&#8221;42px&#8221; locked=&#8221;off&#8221; global_colors_info=&#8221;{}&#8221; filter_saturate__hover_enabled=&#8221;on|hover&#8221; filter_saturate__hover=&#8221;100%&#8221;][\/et_pb_blurb][\/et_pb_column][et_pb_column type=&#8221;1_3&#8243; _builder_version=&#8221;4.16&#8243; global_colors_info=&#8221;{}&#8221;][et_pb_blurb title=&#8221;Planificar la teva her\u00e8ncia&#8221; url=&#8221;https:\/\/ancei.com\/ca\/planificacio-dherencies\/&#8221; use_icon=&#8221;on&#8221; font_icon=&#8221;&#xe0ee;||divi||400&#8243; image_icon_width=&#8221;42px&#8221; content_max_width=&#8221;300px&#8221; _builder_version=&#8221;4.16&#8243; header_font=&#8221;Lato|900|||||||&#8221; header_text_color=&#8221;#ffffff&#8221; header_font_size=&#8221;20px&#8221; header_line_height=&#8221;1.4em&#8221; body_font=&#8221;Lato|300|||||||&#8221; body_text_color=&#8221;#ffffff&#8221; body_font_size=&#8221;18px&#8221; body_line_height=&#8221;1.5em&#8221; background_color=&#8221;#ffffff&#8221; background_image=&#8221;https:\/\/ancei.com\/wp-content\/uploads\/2021\/03\/Gestion-patrimonial-Andorra-ANCEI.png&#8221; background_position=&#8221;top_center&#8221; text_orientation=&#8221;center&#8221; custom_margin=&#8221;||||false|false&#8221; custom_padding=&#8221;45px|30px|45px|30px|false|false&#8221; filter_saturate=&#8221;0%&#8221; animation_direction=&#8221;left&#8221; link_option_url=&#8221;https:\/\/ancei.com\/ca\/planificacio-dherencies\/&#8221; filter_saturate_last_edited=&#8221;off|desktop&#8221; border_radii=&#8221;on|30px|30px|30px|30px&#8221; box_shadow_style=&#8221;preset1&#8243; icon_font_size=&#8221;42px&#8221; locked=&#8221;off&#8221; global_colors_info=&#8221;{}&#8221; filter_saturate__hover_enabled=&#8221;on|hover&#8221; filter_saturate__hover=&#8221;100%&#8221;][\/et_pb_blurb][\/et_pb_column][\/et_pb_row][et_pb_row admin_label=&#8221;Service Area&#8221; _builder_version=&#8221;4.16&#8243; custom_padding=&#8221;0px||0px|||&#8221; global_colors_info=&#8221;{}&#8221;][et_pb_column type=&#8221;4_4&#8243; _builder_version=&#8221;4.16&#8243; custom_padding=&#8221;|||&#8221; global_colors_info=&#8221;{}&#8221; custom_padding__hover=&#8221;|||&#8221;][et_pb_text _builder_version=&#8221;4.16&#8243; text_font=&#8221;Lato||||||||&#8221; text_font_size=&#8221;20px&#8221; text_line_height=&#8221;2em&#8221; text_orientation=&#8221;justified&#8221; custom_margin=&#8221;||30px||false|false&#8221; text_font_size_tablet=&#8221;&#8221; text_font_size_phone=&#8221;18px&#8221; text_font_size_last_edited=&#8221;on|desktop&#8221; text_orientation_tablet=&#8221;&#8221; text_orientation_phone=&#8221;left&#8221; text_orientation_last_edited=&#8221;on|desktop&#8221; global_colors_info=&#8221;{}&#8221;]<\/p>\n<p>M<span style=\"font-size: 20px\">entre que a escala empresarial, <\/span><strong style=\"font-size: 20px\">d<\/strong><span style=\"font-size: 20px\"><strong>efinir els models de comercialitzaci\u00f3, importaci\u00f3 i exportaci\u00f3 del teu negoci, identificar noves oportunitats, aix\u00ed com possibles aliances empresarials,<\/strong> s\u00f3n tasques obligat\u00f2ries per a una correcta <\/span><strong style=\"font-size: 20px\">diversificaci\u00f3 del risc empresarial. <\/strong><span style=\"font-size: 20px\">Sens dubte, ens trobem davant un gran puzle, en el qual la figura d&#8217;un consultor o assessor que coordini als experts de les diferents \u00e0rees, aportant una visi\u00f3 cr\u00edtica en benefici dels interessos del client, es torna essencial.<\/span><\/p>\n<p>[\/et_pb_text][et_pb_image src=&#8221;https:\/\/ancei.com\/wp-content\/uploads\/2021\/03\/Puzzle-consultoria-ANCEI-Andorra.png&#8221; title_text=&#8221;Puzle consultoria | ANCEI Andorra&#8221; _builder_version=&#8221;4.16&#8243; _module_preset=&#8221;default&#8221; custom_margin=&#8221;||30px|||&#8221; animation_style=&#8221;fade&#8221; global_colors_info=&#8221;{}&#8221;][\/et_pb_image][et_pb_text _builder_version=&#8221;4.16&#8243; text_font=&#8221;Lato||||||||&#8221; text_font_size=&#8221;20px&#8221; text_line_height=&#8221;2em&#8221; text_orientation=&#8221;justified&#8221; custom_margin=&#8221;||30px||false|false&#8221; text_font_size_tablet=&#8221;&#8221; text_font_size_phone=&#8221;18px&#8221; text_font_size_last_edited=&#8221;on|phone&#8221; text_orientation_tablet=&#8221;&#8221; text_orientation_phone=&#8221;left&#8221; text_orientation_last_edited=&#8221;on|desktop&#8221; global_colors_info=&#8221;{}&#8221;]<\/p>\n<p>Cadascuna de les decisions preses, en relaci\u00f3 amb aquests aspectes, ha d&#8217;estar basada en informaci\u00f3 objectiva i operativa. Nom\u00e9s aix\u00ed podrem <strong>prendre les millors decisions i capitalitzar-les, convertint-les en idees de negoci.<\/strong> Acompanyar al client, des de la formulaci\u00f3 estrat\u00e8gica fins a la posada en producci\u00f3 de la soluci\u00f3, \u00e9s el nostre principal objectiu. \u00c9s per aix\u00f2 que, entre altres, som mentors del programa <a href=\"https:\/\/www.actua.ad\/es\/crece-andorra\/crecimiento-empresarial\/programa-growth-de-actua\/programa-growth-2020\/\" rel=\"nofollow noopener\" target=\"_blank\">Growth de Actua<\/a> i socis i mentors del programa <a href=\"https:\/\/niu.ad\/ca\/collaboradors\/mentors\/#mentors\" rel=\"nofollow noopener\" target=\"_blank\">Niu d&#8217;Andorra Telecom<\/a>.<\/p>\n<p>[\/et_pb_text][et_pb_divider divider_position=&#8221;center&#8221; divider_weight=&#8221;3px&#8221; _builder_version=&#8221;4.16&#8243; max_width=&#8221;70px&#8221; module_alignment=&#8221;center&#8221; custom_margin=&#8221;||30px||false|false&#8221; animation_direction=&#8221;top&#8221; locked=&#8221;off&#8221; global_colors_info=&#8221;{}&#8221;][\/et_pb_divider][et_pb_text _builder_version=&#8221;4.16&#8243; text_font=&#8221;Lato||||||||&#8221; text_font_size=&#8221;20px&#8221; text_line_height=&#8221;2em&#8221; header_2_font=&#8221;Raleway|900|||||||&#8221; header_2_text_align=&#8221;center&#8221; header_2_text_color=&#8221;#b01f58&#8243; header_2_font_size=&#8221;40px&#8221; header_2_line_height=&#8221;1.5em&#8221; text_orientation=&#8221;justified&#8221; custom_margin=&#8221;||30px|||&#8221; text_font_size_tablet=&#8221;&#8221; text_font_size_phone=&#8221;18px&#8221; text_font_size_last_edited=&#8221;on|phone&#8221; header_2_font_size_tablet=&#8221;&#8221; header_2_font_size_phone=&#8221;30px&#8221; header_2_font_size_last_edited=&#8221;on|phone&#8221; text_orientation_tablet=&#8221;&#8221; text_orientation_phone=&#8221;left&#8221; text_orientation_last_edited=&#8221;on|desktop&#8221; global_colors_info=&#8221;{}&#8221;]<\/p>\n<h2>D&#8217;ANDORRA A LA RESTA DEL M\u00d3N<\/h2>\n<p>Malgrat la seva petita grand\u00e0ria, Andorra ofereix la possibilitat de poder desenvolupar negocis i prestar serveis a escala global. A m\u00e9s, en ANCEI comptem amb un <strong>equip multiling\u00fce i multicultural,<\/strong> aix\u00ed com amb una<strong> xarxa de contactes internacionals,<\/strong> que ens garanteixen disposar d&#8217;informaci\u00f3 completament actualitzada en la resta de pa\u00efsos i que, en conseq\u00fc\u00e8ncia, ens ajuden a realitzar una <strong>bona assessoria estrat\u00e8gica internacional.<\/strong> I \u00e9s que, en un entorn global i canviant es necessita un equip flexible, capa\u00e7 de comprendre i assimilar, r\u00e0pidament, els canvis en les normatives dels diferents pa\u00efsos i que, per tant, pugui proporcionar solucions adaptades a les noves realitats que es van succeint.<\/p>\n<p>En ANCEI estarem encantats de compartir els nostres coneixements per a ajudar-te en el teu projecte personal o empresarial.<\/p>\n<p>[\/et_pb_text][et_pb_toggle title=&#8221;Per qu\u00e8 viure a Andorra?&#8221; open_toggle_background_color=&#8221;#f4f4f4&#8243; closed_toggle_background_color=&#8221;#f4f4f4&#8243; _builder_version=&#8221;4.16&#8243; title_font=&#8221;Lato|700|||||||&#8221; title_font_size=&#8221;18px&#8221; title_line_height=&#8221;2em&#8221; closed_title_font=&#8221;Lato|700|||||||&#8221; closed_title_font_size=&#8221;18px&#8221; closed_title_line_height=&#8221;2em&#8221; body_font=&#8221;Lato||||||||&#8221; body_text_align=&#8221;justify&#8221; body_font_size=&#8221;18px&#8221; body_line_height=&#8221;2em&#8221; custom_margin=&#8221;||30px||false|false&#8221; title_font_size_tablet=&#8221;&#8221; title_font_size_phone=&#8221;16px&#8221; title_font_size_last_edited=&#8221;on|phone&#8221; closed_title_font_size_tablet=&#8221;&#8221; closed_title_font_size_phone=&#8221;16px&#8221; closed_title_font_size_last_edited=&#8221;on|phone&#8221; body_text_align_tablet=&#8221;&#8221; body_text_align_phone=&#8221;left&#8221; body_text_align_last_edited=&#8221;on|phone&#8221; body_font_size_tablet=&#8221;&#8221; body_font_size_phone=&#8221;16px&#8221; body_font_size_last_edited=&#8221;on|phone&#8221; border_width_all=&#8221;0px&#8221; global_colors_info=&#8221;{}&#8221;]<\/p>\n<p>Andorra es presenta com un entorn \u00fanic i privilegiat per a aquells que busquen guanyar en qualitat de vida, ja que:<\/p>\n<p>&#8211; T\u00e9 una gran<strong> estabilitat pol\u00edtica i financera.<\/strong><\/p>\n<p>&#8211; \u00c9s un dels pa\u00efsos m\u00e9s <strong>segurs<\/strong> del m\u00f3n.<\/p>\n<p>&#8211; Compta amb un <strong>sistema sanitari s\u00f2lid.<\/strong><\/p>\n<p>&#8211; T\u00e9 un <strong>sistema educatiu pluriling\u00fce consolidat i de gran qualitat.<\/strong> A m\u00e9s, disposa d&#8217;escoles internacionals.<\/p>\n<p>&#8211; \u00c9s un lloc ideal per a amants de la <strong>naturalesa<\/strong>, la <strong>muntanya<\/strong> i els <strong>esports a l&#8217;aire lliure. <\/strong><\/p>\n<p>&#8211; Est\u00e0 a tan sols <strong> dues hores i mitja de dist\u00e0ncia de Barcelona i Tolosa. <\/strong><\/p>\n<p>&#8211; T\u00e9 <strong>un dels marcs fiscals m\u00e9s atractius de la zona euro. <\/strong><\/p>\n<p>Aquestes s\u00f3n <strong>nom\u00e9s alguns dels avantatges que ofereix el Principat d&#8217;Andorra,<\/strong> motiu pel qual, any rere any, nombroses persones decideixen traslladar la seva resid\u00e8ncia a Andorra.<\/p>\n<p>[\/et_pb_toggle][et_pb_toggle title=&#8221;Quins s\u00f3n els avantatges fiscals d&#8217;Andorra?&#8221; open_toggle_background_color=&#8221;#f4f4f4&#8243; closed_toggle_background_color=&#8221;#f4f4f4&#8243; _builder_version=&#8221;4.16&#8243; title_font=&#8221;Lato|700|||||||&#8221; title_font_size=&#8221;18px&#8221; title_line_height=&#8221;2em&#8221; closed_title_font=&#8221;Lato|700|||||||&#8221; closed_title_font_size=&#8221;18px&#8221; closed_title_line_height=&#8221;2em&#8221; body_font=&#8221;Lato||||||||&#8221; body_text_align=&#8221;justify&#8221; body_font_size=&#8221;18px&#8221; body_line_height=&#8221;2em&#8221; custom_margin=&#8221;||||false|false&#8221; title_font_size_tablet=&#8221;&#8221; title_font_size_phone=&#8221;16px&#8221; title_font_size_last_edited=&#8221;on|phone&#8221; closed_title_font_size_tablet=&#8221;&#8221; closed_title_font_size_phone=&#8221;16px&#8221; closed_title_font_size_last_edited=&#8221;on|phone&#8221; body_text_align_tablet=&#8221;&#8221; body_text_align_phone=&#8221;left&#8221; body_text_align_last_edited=&#8221;on|phone&#8221; body_font_size_tablet=&#8221;&#8221; body_font_size_phone=&#8221;16px&#8221; body_font_size_last_edited=&#8221;on|phone&#8221; border_width_all=&#8221;0px&#8221; global_colors_info=&#8221;{}&#8221;]<\/p>\n<p><strong>Viure a Andorra<\/strong> et permetr\u00e0 beneficiar-te d&#8217;un <strong> dels sistemes fiscals m\u00e9s atractius de la zona euro:<\/strong><\/p>\n<p>&#8211; Andorra t\u00e9 un<strong> Impost General Indirecte <\/strong>(IGI) del 4,5% (impost equivalent a l&#8217;IVA a Espanya).<\/p>\n<p>&#8211; El tipus impositiu que grava l&#8217;Impost <strong> sobre la Renda de les Persones F\u00edsiques <\/strong>(IRPF) i l&#8217;Impost <strong> de Societats<\/strong> (IS) \u00e9s del 10%..<\/p>\n<p>&#8211; A m\u00e9s, existeixen m\u00faltiples exempcions aplicables en l&#8217;IRPF, sobretot en el que a rendes passives es refereix.<\/p>\n<p>&#8211; A Andorra <strong>no existeix l&#8217;Impost Patrimonial <\/strong>(IP) <strong>ni l&#8217;Impost sobre Successions i Donacions <\/strong>(ISD).<\/p>\n<p>&#8211; <strong>Tampoc tindr\u00e0s l&#8217;obligaci\u00f3 d&#8217;informar sobre b\u00e9ns a l&#8217;estranger<\/strong> (Model 720 a Espanya).<\/p>\n<p>&#8211; Andorra presenta <strong>grans avantatges per a pensionistes.<\/strong> El rescat de plans de pensions, per exemple, nom\u00e9s tributa a Andorra.<\/p>\n<p>&#8211; A m\u00e9s, \u00e9s un <strong>pa\u00eds comprom\u00e8s amb el compliment dels nous requisits de transpar\u00e8ncia i subst\u00e0ncia<\/strong> operants en fiscalitat internacional.<\/p>\n<p>&#8211; I <strong>ha signat vint convenis per a evitar la doble imposici\u00f3 amb altres pa\u00efsos<\/strong> i est\u00e0 negociant la signatura de m\u00e9s convenis.<\/p>\n<p>[\/et_pb_toggle][\/et_pb_column][\/et_pb_row][\/et_pb_section][et_pb_section fb_built=&#8221;1&#8243; fullwidth=&#8221;on&#8221; _builder_version=&#8221;4.16&#8243; _module_preset=&#8221;default&#8221; global_colors_info=&#8221;{}&#8221;][et_pb_fullwidth_image src=&#8221;https:\/\/ancei.com\/wp-content\/uploads\/2021\/03\/Montan\u0303a-Andorra-ANCEI.png&#8221; title_text=&#8221;Muntanya Andorra | ANCEI&#8221; _builder_version=&#8221;4.16&#8243; _module_preset=&#8221;default&#8221; global_colors_info=&#8221;{}&#8221;][\/et_pb_fullwidth_image][\/et_pb_section][et_pb_section fb_built=&#8221;1&#8243; _builder_version=&#8221;4.16&#8243; background_color=&#8221;#f4f4f4&#8243; background_enable_image=&#8221;off&#8221; background_position=&#8221;top_center&#8221; custom_padding=&#8221;60px||60px||true|&#8221; global_colors_info=&#8221;{}&#8221;][et_pb_row admin_label=&#8221;Service Area&#8221; _builder_version=&#8221;4.16&#8243; custom_padding=&#8221;0px||30px|||&#8221; global_colors_info=&#8221;{}&#8221;][et_pb_column type=&#8221;4_4&#8243; _builder_version=&#8221;4.16&#8243; custom_padding=&#8221;|||&#8221; global_colors_info=&#8221;{}&#8221; custom_padding__hover=&#8221;|||&#8221;][et_pb_text content_phone=&#8221;<\/p>\n<h2>CALCULEM QUANT T&#8217;ESTALVIARIES CANVIANT LA TEVA RESID\u00c8NCIA FISCAL A ANDORRA<\/h2>\n<p>&#8221; content_last_edited=&#8221;off|phone&#8221; admin_label=&#8221;Title&#8221; _builder_version=&#8221;4.16&#8243; text_font=&#8221;||||||||&#8221; header_font=&#8221;||||||||&#8221; header_2_font=&#8221;Raleway|900|||||||&#8221; header_2_text_align=&#8221;center&#8221; header_2_font_size=&#8221;40px&#8221; header_2_line_height=&#8221;1.5em&#8221; module_alignment=&#8221;center&#8221; custom_margin=&#8221;||10px|&#8221; custom_padding=&#8221;|||&#8221; header_2_font_size_tablet=&#8221;40px&#8221; header_2_font_size_phone=&#8221;30px&#8221; header_2_font_size_last_edited=&#8221;on|phone&#8221; global_colors_info=&#8221;{}&#8221;]<\/p>\n<h2>T&#8217;AJUDEM AMB EL TEU PROJECTE DE VIDA O NEGOCI<\/h2>\n<p>[\/et_pb_text][et_pb_divider divider_position=&#8221;center&#8221; divider_weight=&#8221;3px&#8221; _builder_version=&#8221;4.16&#8243; max_width=&#8221;70px&#8221; module_alignment=&#8221;center&#8221; custom_margin=&#8221;||10px||false|false&#8221; animation_direction=&#8221;top&#8221; locked=&#8221;off&#8221; global_colors_info=&#8221;{}&#8221;][\/et_pb_divider][\/et_pb_column][\/et_pb_row][et_pb_row _builder_version=&#8221;4.16&#8243; custom_padding=&#8221;0px||0px|||&#8221; global_colors_info=&#8221;{}&#8221;][et_pb_column type=&#8221;4_4&#8243; _builder_version=&#8221;4.16&#8243; global_colors_info=&#8221;{}&#8221;][et_pb_contact_form use_spam_service=&#8221;on&#8221; recaptcha_list=&#8221;ANCEI|ANCEI-0&#8243; email=&#8221;contacte@ancei.com&#8221; custom_message=&#8221;FORMULARI M\u00d2DUL CONSULTORIA ESTRAT\u00c8GICA INTERNACIONAL ||et_pb_line_break_holder||Nom: %%Nom%% %%Cognom%%||et_pb_line_break_holder||Email: %%Email%%||et_pb_line_break_holder||M\u00f2bil: %%Tel\u00e8fon%%||et_pb_line_break_holder||Missatge: %%Missatge%%&#8221; success_message=&#8221;Gr\u00e0cies por contactar amb l&#8217;equip d&#8217;ANCEI! Aviat ens posarem en contacte amb tu.&#8221; submit_button_text=&#8221;CONTACTAR&#8221; _builder_version=&#8221;4.16&#8243; _unique_id=&#8221;096ebca2-e5c1-4de5-9284-d836cd04d7b1&#8243; form_field_background_color=&#8221;#ffffff&#8221; form_field_font=&#8221;Lato||||||||&#8221; form_field_font_size=&#8221;18px&#8221; custom_button=&#8221;on&#8221; button_text_size=&#8221;20px&#8221; button_text_color=&#8221;#ffffff&#8221; button_bg_color=&#8221;#b01f58&#8243; button_border_width=&#8221;0px&#8221; button_border_color=&#8221;#ffffff&#8221; button_border_radius=&#8221;5px&#8221; button_letter_spacing=&#8221;2px&#8221; button_font=&#8221;Raleway||||||||&#8221; button_icon=&#8221;&#xe07e;||divi||400&#8243; button_custom_margin=&#8221;15px||||false|false&#8221; button_custom_padding=&#8221;10px||10px||false|false&#8221; form_field_font_size_phone=&#8221;18px&#8221; form_field_font_size_last_edited=&#8221;off|desktop&#8221; button_text_size_tablet=&#8221;&#8221; button_text_size_phone=&#8221;18px&#8221; button_text_size_last_edited=&#8221;on|desktop&#8221; button_icon_placement_phone=&#8221;right&#8221; button_icon_placement_last_edited=&#8221;off|phone&#8221; global_colors_info=&#8221;{}&#8221; custom_css_before_last_edited=&#8221;off|phone&#8221;][et_pb_contact_field field_id=&#8221;Nombre&#8221; field_title=&#8221;Nom&#8221; _builder_version=&#8221;4.16&#8243; global_colors_info=&#8221;{}&#8221; button_text_size__hover_enabled=&#8221;off&#8221; button_one_text_size__hover_enabled=&#8221;off&#8221; button_two_text_size__hover_enabled=&#8221;off&#8221; button_text_color__hover_enabled=&#8221;off&#8221; button_one_text_color__hover_enabled=&#8221;off&#8221; button_two_text_color__hover_enabled=&#8221;off&#8221; button_border_width__hover_enabled=&#8221;off&#8221; button_one_border_width__hover_enabled=&#8221;off&#8221; button_two_border_width__hover_enabled=&#8221;off&#8221; button_border_color__hover_enabled=&#8221;off&#8221; button_one_border_color__hover_enabled=&#8221;off&#8221; button_two_border_color__hover_enabled=&#8221;off&#8221; button_border_radius__hover_enabled=&#8221;off&#8221; button_one_border_radius__hover_enabled=&#8221;off&#8221; button_two_border_radius__hover_enabled=&#8221;off&#8221; button_letter_spacing__hover_enabled=&#8221;off&#8221; button_one_letter_spacing__hover_enabled=&#8221;off&#8221; button_two_letter_spacing__hover_enabled=&#8221;off&#8221; button_bg_color__hover_enabled=&#8221;off&#8221; button_one_bg_color__hover_enabled=&#8221;off&#8221; button_two_bg_color__hover_enabled=&#8221;off&#8221;][\/et_pb_contact_field][et_pb_contact_field field_id=&#8221;Apellido&#8221; field_title=&#8221;Cognom&#8221; _builder_version=&#8221;4.16&#8243; global_colors_info=&#8221;{}&#8221; button_text_size__hover_enabled=&#8221;off&#8221; button_one_text_size__hover_enabled=&#8221;off&#8221; button_two_text_size__hover_enabled=&#8221;off&#8221; button_text_color__hover_enabled=&#8221;off&#8221; button_one_text_color__hover_enabled=&#8221;off&#8221; button_two_text_color__hover_enabled=&#8221;off&#8221; button_border_width__hover_enabled=&#8221;off&#8221; button_one_border_width__hover_enabled=&#8221;off&#8221; button_two_border_width__hover_enabled=&#8221;off&#8221; button_border_color__hover_enabled=&#8221;off&#8221; button_one_border_color__hover_enabled=&#8221;off&#8221; button_two_border_color__hover_enabled=&#8221;off&#8221; button_border_radius__hover_enabled=&#8221;off&#8221; button_one_border_radius__hover_enabled=&#8221;off&#8221; button_two_border_radius__hover_enabled=&#8221;off&#8221; button_letter_spacing__hover_enabled=&#8221;off&#8221; button_one_letter_spacing__hover_enabled=&#8221;off&#8221; button_two_letter_spacing__hover_enabled=&#8221;off&#8221; button_bg_color__hover_enabled=&#8221;off&#8221; button_one_bg_color__hover_enabled=&#8221;off&#8221; button_two_bg_color__hover_enabled=&#8221;off&#8221;][\/et_pb_contact_field][et_pb_contact_field field_id=&#8221;Email&#8221; field_title=&#8221;Email&#8221; field_type=&#8221;email&#8221; _builder_version=&#8221;4.16&#8243; global_colors_info=&#8221;{}&#8221; button_text_size__hover_enabled=&#8221;off&#8221; button_one_text_size__hover_enabled=&#8221;off&#8221; button_two_text_size__hover_enabled=&#8221;off&#8221; button_text_color__hover_enabled=&#8221;off&#8221; button_one_text_color__hover_enabled=&#8221;off&#8221; button_two_text_color__hover_enabled=&#8221;off&#8221; button_border_width__hover_enabled=&#8221;off&#8221; button_one_border_width__hover_enabled=&#8221;off&#8221; button_two_border_width__hover_enabled=&#8221;off&#8221; button_border_color__hover_enabled=&#8221;off&#8221; button_one_border_color__hover_enabled=&#8221;off&#8221; button_two_border_color__hover_enabled=&#8221;off&#8221; button_border_radius__hover_enabled=&#8221;off&#8221; button_one_border_radius__hover_enabled=&#8221;off&#8221; button_two_border_radius__hover_enabled=&#8221;off&#8221; button_letter_spacing__hover_enabled=&#8221;off&#8221; button_one_letter_spacing__hover_enabled=&#8221;off&#8221; button_two_letter_spacing__hover_enabled=&#8221;off&#8221; button_bg_color__hover_enabled=&#8221;off&#8221; button_one_bg_color__hover_enabled=&#8221;off&#8221; button_two_bg_color__hover_enabled=&#8221;off&#8221;][\/et_pb_contact_field][et_pb_contact_field field_id=&#8221;Tel\u00e9fono&#8221; field_title=&#8221;Tel\u00e8fon&#8221; _builder_version=&#8221;4.16&#8243; global_colors_info=&#8221;{}&#8221; button_text_size__hover_enabled=&#8221;off&#8221; button_one_text_size__hover_enabled=&#8221;off&#8221; button_two_text_size__hover_enabled=&#8221;off&#8221; button_text_color__hover_enabled=&#8221;off&#8221; button_one_text_color__hover_enabled=&#8221;off&#8221; button_two_text_color__hover_enabled=&#8221;off&#8221; button_border_width__hover_enabled=&#8221;off&#8221; button_one_border_width__hover_enabled=&#8221;off&#8221; button_two_border_width__hover_enabled=&#8221;off&#8221; button_border_color__hover_enabled=&#8221;off&#8221; button_one_border_color__hover_enabled=&#8221;off&#8221; button_two_border_color__hover_enabled=&#8221;off&#8221; button_border_radius__hover_enabled=&#8221;off&#8221; button_one_border_radius__hover_enabled=&#8221;off&#8221; button_two_border_radius__hover_enabled=&#8221;off&#8221; button_letter_spacing__hover_enabled=&#8221;off&#8221; button_one_letter_spacing__hover_enabled=&#8221;off&#8221; button_two_letter_spacing__hover_enabled=&#8221;off&#8221; button_bg_color__hover_enabled=&#8221;off&#8221; button_one_bg_color__hover_enabled=&#8221;off&#8221; button_two_bg_color__hover_enabled=&#8221;off&#8221;][\/et_pb_contact_field][et_pb_contact_field field_id=&#8221;Mensaje&#8221; field_title=&#8221;Missatge&#8221; field_type=&#8221;text&#8221; fullwidth_field=&#8221;on&#8221; _builder_version=&#8221;4.16&#8243; global_colors_info=&#8221;{}&#8221; button_text_size__hover_enabled=&#8221;off&#8221; button_one_text_size__hover_enabled=&#8221;off&#8221; button_two_text_size__hover_enabled=&#8221;off&#8221; button_text_color__hover_enabled=&#8221;off&#8221; button_one_text_color__hover_enabled=&#8221;off&#8221; button_two_text_color__hover_enabled=&#8221;off&#8221; button_border_width__hover_enabled=&#8221;off&#8221; button_one_border_width__hover_enabled=&#8221;off&#8221; button_two_border_width__hover_enabled=&#8221;off&#8221; button_border_color__hover_enabled=&#8221;off&#8221; button_one_border_color__hover_enabled=&#8221;off&#8221; button_two_border_color__hover_enabled=&#8221;off&#8221; button_border_radius__hover_enabled=&#8221;off&#8221; button_one_border_radius__hover_enabled=&#8221;off&#8221; button_two_border_radius__hover_enabled=&#8221;off&#8221; button_letter_spacing__hover_enabled=&#8221;off&#8221; button_one_letter_spacing__hover_enabled=&#8221;off&#8221; button_two_letter_spacing__hover_enabled=&#8221;off&#8221; button_bg_color__hover_enabled=&#8221;off&#8221; button_one_bg_color__hover_enabled=&#8221;off&#8221; button_two_bg_color__hover_enabled=&#8221;off&#8221;][\/et_pb_contact_field][et_pb_contact_field field_id=&#8221;PP&#8221; field_title=&#8221; &#8221; field_type=&#8221;checkbox&#8221; checkbox_options=&#8221;%91{%22value%22:%22He llegit i accepto la %22,%22checked%22:0,%22dragID%22:-1,%22link_url%22:%22https:\/\/ancei.com\/politica-de-privacitat\/%22,%22link_text%22:%22Pol\u00edtica de Privacitat%22}%93&#8243; fullwidth_field=&#8221;on&#8221; _builder_version=&#8221;4.16&#8243; global_colors_info=&#8221;{}&#8221;][\/et_pb_contact_field][\/et_pb_contact_form][et_pb_toggle title=&#8221;Resum de la Pol\u00edtica de Privacitat&#8221; open_toggle_background_color=&#8221;#ffffff&#8221; closed_toggle_background_color=&#8221;#ffffff&#8221; _builder_version=&#8221;4.16&#8243; title_font=&#8221;Lato|700|||||||&#8221; title_font_size=&#8221;18px&#8221; title_line_height=&#8221;2em&#8221; closed_title_font=&#8221;Lato|700|||||||&#8221; closed_title_font_size=&#8221;18px&#8221; closed_title_line_height=&#8221;2em&#8221; body_font=&#8221;Lato||||||||&#8221; body_text_align=&#8221;justify&#8221; body_font_size=&#8221;18px&#8221; body_line_height=&#8221;2em&#8221; custom_margin=&#8221;||||false|false&#8221; title_font_size_tablet=&#8221;&#8221; title_font_size_phone=&#8221;16px&#8221; title_font_size_last_edited=&#8221;on|phone&#8221; closed_title_font_size_tablet=&#8221;&#8221; closed_title_font_size_phone=&#8221;16px&#8221; closed_title_font_size_last_edited=&#8221;on|phone&#8221; body_text_align_tablet=&#8221;&#8221; body_text_align_phone=&#8221;left&#8221; body_text_align_last_edited=&#8221;on|phone&#8221; body_font_size_tablet=&#8221;&#8221; body_font_size_phone=&#8221;16px&#8221; body_font_size_last_edited=&#8221;on|phone&#8221; border_width_all=&#8221;0px&#8221; global_colors_info=&#8221;{}&#8221;]<\/p>\n<ul>\n<li><strong>Responsable del tractament:<\/strong> ANCEI Consultoria Estrat\u00e8gica Internacional, S.A.<\/li>\n<li><strong>Finalitat:<\/strong> Gestionar la sol\u00b7licitud de l&#8217;usuari.<\/li>\n<li><strong>Base jur\u00eddica:<\/strong> El consentiment de l&#8217;usuari.<\/li>\n<li><strong>Destinataris:<\/strong> Les seves dades no se cediran.<\/li>\n<li><strong>Conservaci\u00f3:<\/strong> Per\u00edode legal m\u00e0xim establert.<\/li>\n<li><strong>Drets de l&#8217;interessat:<\/strong> Accedir, rectificar i cancel\u00b7lar les dades referents a la seva persona, oposar-se al tractament de les dades, sol\u00b7licitar la limitaci\u00f3 del tractament o la portabilitat de les dades.\n<div class=\"page\" title=\"Page 12\">\n<div class=\"layoutArea\">\u00a0<\/div>\n<\/div>\n<\/li>\n<\/ul>\n<p>Acc\u00e9s a la <a href=\"https:\/\/ancei.com\/politica-de-privacitat\/\">Pol\u00edtica de Privacitat<\/a> (versi\u00f3 completa).<\/p>\n<p>[\/et_pb_toggle][\/et_pb_column][\/et_pb_row][\/et_pb_section]<\/p>\n","protected":false},"excerpt":{"rendered":"<p>ANCEI | CONSULTORIA ESTRAT\u00c8GICA INTERNACIONALVivim en un m\u00f3n cada vegada m\u00e9s globalitzat. La irrupci\u00f3 d&#8217;Internet i de les noves tecnologies ha desencadenat tota una revoluci\u00f3 digital que ha transformat per complet la forma en com ens relacionem i, conseq\u00fcentment, la forma en com treballem. I \u00e9s que, actualment, gr\u00e0cies a aquestes eines, podem comunicar-nos i [&hellip;]<\/p>\n","protected":false},"author":1,"featured_media":0,"parent":0,"menu_order":0,"comment_status":"closed","ping_status":"closed","template":"","meta":{"_et_pb_use_builder":"on","_et_pb_old_content":"","_et_gb_content_width":"","footnotes":""},"class_list":["post-4919","page","type-page","status-publish","hentry"],"_links":{"self":[{"href":"https:\/\/ancei.com\/ca\/wp-json\/wp\/v2\/pages\/4919"}],"collection":[{"href":"https:\/\/ancei.com\/ca\/wp-json\/wp\/v2\/pages"}],"about":[{"href":"https:\/\/ancei.com\/ca\/wp-json\/wp\/v2\/types\/page"}],"author":[{"embeddable":true,"href":"https:\/\/ancei.com\/ca\/wp-json\/wp\/v2\/users\/1"}],"replies":[{"embeddable":true,"href":"https:\/\/ancei.com\/ca\/wp-json\/wp\/v2\/comments?post=4919"}],"version-history":[{"count":12,"href":"https:\/\/ancei.com\/ca\/wp-json\/wp\/v2\/pages\/4919\/revisions"}],"predecessor-version":[{"id":5026,"href":"https:\/\/ancei.com\/ca\/wp-json\/wp\/v2\/pages\/4919\/revisions\/5026"}],"wp:attachment":[{"href":"https:\/\/ancei.com\/ca\/wp-json\/wp\/v2\/media?parent=4919"}],"curies":[{"name":"wp","href":"https:\/\/api.w.org\/{rel}","templated":true}]}}